{"id":14218,"date":"2021-12-13T12:44:31","date_gmt":"2021-12-13T11:44:31","guid":{"rendered":"https:\/\/cecit.es\/?post_type=portfolio&#038;p=14218"},"modified":"2021-12-13T12:46:54","modified_gmt":"2021-12-13T11:46:54","slug":"newsletter-n156","status":"publish","type":"portfolio","link":"https:\/\/cecit.es\/fr\/newsletters-item\/newsletter-n156\/","title":{"rendered":"Newsletter N\u00b0156"},"content":{"rendered":"<div class=\"wpb-content-wrapper\"><p>[vc_row css=&#8221;.vc_custom_1594152093128{margin-top: 0px !important;margin-bottom: 0px !important;}&#8221;][vc_column][vc_row_inner css=&#8221;.vc_custom_1593567703664{margin-top: 0px !important;margin-right: 0px !important;margin-bottom: 0px !important;margin-left: 0px !important;background-image: url(https:\/\/cecit.es\/wp-content\/uploads\/2020\/07\/logo_ban.png?id=1813) !important;background-position: center !important;background-repeat: no-repeat !important;background-size: contain !important;}&#8221;][vc_column_inner][vc_column_text]<\/p>\n<p style=\"text-align: center;\"><b>Jeudi 9 d\u00e9cembre 2021<\/b><\/p>\n<h4 style=\"text-align: center;\"><strong>N\u00b0 156<\/strong><\/h4>\n<p>[\/vc_column_text][\/vc_column_inner][\/vc_row_inner][\/vc_column][\/vc_row][vc_row content_placement=&#8221;middle&#8221;][vc_column][vc_custom_heading text=&#8221;ACTUALIT\u00c9S DE LA CHAMBRE&#8221; font_container=&#8221;tag:h5|text_align:center|color:%23ffffff&#8221; use_theme_fonts=&#8221;yes&#8221; css=&#8221;.vc_custom_1638449473091{margin-left: -15px !important;padding-top: 5px !important;padding-right: 10px !important;padding-bottom: 5px !important;padding-left: 10px !important;background-color: #c31038 !important;}&#8221;][vc_row_inner][vc_column_inner width=&#8221;1\/3&#8243;][vc_single_image image=&#8221;14200&#8243; img_size=&#8221;full&#8221; onclick=&#8221;link_image&#8221;][\/vc_column_inner][vc_column_inner width=&#8221;2\/3&#8243;][vc_column_text]L\u2019Assembl\u00e9e G\u00e9n\u00e9rale Ordinaire de la \u00ab C\u00e1mara Oficial de Comercio de Espa\u00f1a en T\u00e1nger \u00bb (CECIT) s\u2019est tenu le mercredi 24 novembre \u00e0 17h00 au M\u00f6venpick Hotel &amp;amp; Casino Malabata de Tanger. Pr\u00e9sid\u00e9e par Mr. Jos\u00e9 Estevez Martinez, Pr\u00e9sident de la CECIT, en pr\u00e9sence de Son Excellence Mr. Le Consul G\u00e9n\u00e9ral D\u2019Espagne \u00e1 Tanger, Mr. Alfonso Manuel Portabales V\u00e1zquez, M. Javier Fern\u00e1ndez M\u00e9ndez de Andes, Conseiller Economique et Commercial de l\u2019Ambassade d\u2019Espagne \u00e0 Rabat, Mr. Miguel Martin, Tresorier-Adjoint de la CECIT et la Directrice de la CECIT, Mme. Amal Boussouf.[\/vc_column_text][\/vc_column_inner][\/vc_row_inner][\/vc_column][\/vc_row][vc_row content_placement=&#8221;middle&#8221;][vc_column][vc_custom_heading text=&#8221;MAROC- SOCI\u00c9T\u00c9&#8221; font_container=&#8221;tag:h5|text_align:center|color:%23ffffff&#8221; use_theme_fonts=&#8221;yes&#8221; css=&#8221;.vc_custom_1634211606310{margin-left: -15px !important;padding-top: 5px !important;padding-right: 10px !important;padding-bottom: 5px !important;padding-left: 10px !important;background-color: #c31038 !important;}&#8221;][\/vc_column][\/vc_row][vc_row equal_height=&#8221;yes&#8221;][vc_column width=&#8221;1\/4&#8243; css=&#8221;.vc_custom_1639044879781{background-image: url(https:\/\/cecit.es\/wp-content\/uploads\/2021\/12\/cybersecurite.jpg?id=14219) !important;background-position: center !important;background-repeat: no-repeat !important;background-size: cover !important;}&#8221;][vc_empty_space height=&#8221;100px&#8221;][\/vc_column][vc_column width=&#8221;1\/4&#8243;][vc_column_text]<\/p>\n<p style=\"text-align: justify;\"><b>Londres et Rabat scellent une alliance cybers\u00e9curitaire, une 1<\/b><b>\u00e8re<\/b><span style=\"font-weight: 400;\"><br \/>\n<\/span><span style=\"font-weight: 400;\">Le Maroc et le Royaume-Uni ont fait part, mercredi \u00e0 Londres, de leur ambition d\u2019approfondir leur dialogue et leur collaboration dans le domaine \u00ab de plus en plus important \u00bb de la cybers\u00e9curit\u00e9.<\/span> <a href=\"https:\/\/www.infomediaire.net\/londres-et-rabat-scellent-une-alliance-cybersecuritaire-une-1ere\/\" target=\"_blank\" rel=\"noopener\">[&#8230;]<\/a><\/p>\n<p>[\/vc_column_text][\/vc_column][vc_column width=&#8221;1\/4&#8243; css=&#8221;.vc_custom_1639045049112{background-image: url(https:\/\/cecit.es\/wp-content\/uploads\/2021\/12\/carte-pv-2021-2022-avec-les-regions-eco-ecoles.jpg?id=14221) !important;background-position: center !important;background-repeat: no-repeat !important;background-size: cover !important;}&#8221;][vc_empty_space height=&#8221;100px&#8221;][\/vc_column][vc_column width=&#8221;1\/4&#8243;][vc_column_text]<\/p>\n<p style=\"text-align: justify;\"><span style=\"font-weight: 400;\"><b>Le Pavillon vert pour 71 \u00c9co-\u00c9coles en 2020-2021<\/b><br \/>\nIl valide un parcours d\u2019\u00e9ducation \u00e0 l\u2019environnement en 3 ans.<\/span>\u00a0<a href=\"https:\/\/aujourdhui.ma\/societe\/le-pavillon-vert-pour-71-eco-ecoles-en-2020-2021?fbclid=IwAR2mIEZXlzmEeQ_ArTjC38f96BSCUI1-l2TaQRWnHAxcvySZv7ytcYNxk9c\" target=\"_blank\" rel=\"noopener\">[&#8230;]<\/a><\/p>\n<p>[\/vc_column_text][\/vc_column][\/vc_row][vc_row equal_height=&#8221;yes&#8221; css=&#8221;.vc_custom_1593552229797{margin-top: 10px !important;}&#8221;][vc_column width=&#8221;1\/4&#8243; css=&#8221;.vc_custom_1639045793620{background-image: url(https:\/\/cecit.es\/wp-content\/uploads\/2021\/12\/frontieres.jpg?id=14223) !important;background-position: center !important;background-repeat: no-repeat !important;background-size: cover !important;}&#8221;][vc_empty_space height=&#8221;100px&#8221;][\/vc_column][vc_column width=&#8221;1\/4&#8243;][vc_column_text]<\/p>\n<p style=\"text-align: justify;\"><b>R\u00e9ouverture des fronti\u00e8res a\u00e9riennes? Mise au point du minist\u00e8re<\/b><span style=\"font-weight: 400;\"><br \/>\n<\/span><span style=\"font-weight: 400;\">Le minist\u00e8re de la sant\u00e9 et de la protection sociale a fermement d\u00e9menti, mercredi, les informations diffus\u00e9es par certains sites \u00e9lectroniques, portant sur la r\u00e9ouverture des fronti\u00e8res a\u00e9riennes et maritimes.<\/span>. <a href=\"https:\/\/leseco.ma\/maroc\/reouverture-des-frontieres-aeriennes-mise-au-point-du-ministere.html?fbclid=IwAR1GSRxk9fOQwhnWnLuzWgi9l0gUhqmQ5AQKTJUL-gUCekwXtM35VivqBow\" target=\"_blank\" rel=\"noopener\">[&#8230;]<\/a><\/p>\n<p>[\/vc_column_text][\/vc_column][vc_column width=&#8221;1\/4&#8243; css=&#8221;.vc_custom_1639045890942{background-image: url(https:\/\/cecit.es\/wp-content\/uploads\/2021\/12\/pavillon-maroc-2020.jpg?id=14225) !important;background-position: center !important;background-repeat: no-repeat !important;background-size: cover !important;}&#8221;][vc_empty_space height=&#8221;100px&#8221;][\/vc_column][vc_column width=&#8221;1\/4&#8243;][vc_column_text]<\/p>\n<p style=\"text-align: justify;\"><b>Le Pavillon marocain \u00e0 l\u2019Expo Duba\u00ef 2020 conna\u00eet un vrai succ\u00e8s<\/b><span style=\"font-weight: 400;\"><br \/>\n<\/span><span style=\"font-weight: 400;\">Avec son design unique, qui incarne les anciennes traditions du Royaume, et ses composants combinant technologie moderne et h\u00e9ritage culturel, le Pavillon du Maroc \u00e0 l&#8217; \u00bbExpo Duba\u00ef 2020\u2033 attire des milliers de visiteurs, tous azimuts<\/span>. <a href=\"https:\/\/www.infomediaire.net\/le-pavillon-marocain-a-lexpo-dubai-2020-connait-un-vrai-succes\/\" target=\"_blank\" rel=\"noopener\">[&#8230;]<\/a><\/p>\n<p>[\/vc_column_text][\/vc_column][\/vc_row][vc_row content_placement=&#8221;middle&#8221; css=&#8221;.vc_custom_1593553974695{margin-top: 15px !important;}&#8221;][vc_column][vc_custom_heading text=&#8221;MAROC- \u00c9CONOMIE &#038; ENTREPRISES&#8221; font_container=&#8221;tag:h5|text_align:center|color:%23ffffff&#8221; use_theme_fonts=&#8221;yes&#8221; css=&#8221;.vc_custom_1634211622081{margin-left: -15px !important;padding-top: 5px !important;padding-right: 10px !important;padding-bottom: 5px !important;padding-left: 10px !important;background-color: #c31038 !important;}&#8221;][\/vc_column][\/vc_row][vc_row equal_height=&#8221;yes&#8221;][vc_column width=&#8221;1\/4&#8243; css=&#8221;.vc_custom_1639046036989{background-image: url(https:\/\/cecit.es\/wp-content\/uploads\/2021\/12\/groupe-indien-mines-maroc21.jpg?id=14227) !important;background-position: center !important;background-repeat: no-repeat !important;background-size: cover !important;}&#8221;][vc_empty_space height=&#8221;100px&#8221;][\/vc_column][vc_column width=&#8221;1\/4&#8243;][vc_column_text]<\/p>\n<p style=\"text-align: justify;\"><b>Une soci\u00e9t\u00e9 indienne investit 100 millions dollars au Maroc<\/b><span style=\"font-weight: 400;\"><br \/>\n<\/span><span style=\"font-weight: 400;\">La soci\u00e9t\u00e9 indienne, Samta Group, a annonc\u00e9, mardi, des investissements de plus de 100 millions de dollars au Maroc dans le secteur des mines<\/span>. <a href=\"https:\/\/www.bladi.net\/societe-indienne-investissement-maroc,88682.html\" target=\"_blank\" rel=\"noopener\">[&#8230;]<\/a><\/p>\n<p>[\/vc_column_text][\/vc_column][vc_column width=&#8221;1\/4&#8243; css=&#8221;.vc_custom_1639046237420{background-image: url(https:\/\/cecit.es\/wp-content\/uploads\/2021\/12\/carbone-22.webp?id=14229) !important;background-position: center !important;background-repeat: no-repeat !important;background-size: cover !important;}&#8221;][vc_empty_space height=&#8221;100px&#8221;][\/vc_column][vc_column width=&#8221;1\/4&#8243;][vc_column_text]<\/p>\n<p style=\"text-align: justify;\"><b>L&#8217;industrie marocaine face \u00e0 l&#8217;imp\u00e9ratif de la neutralit\u00e9 carbone pour maintenir ses exportations vers l&#8217;UE<\/b><span style=\"font-weight: 400;\"><br \/>\n<\/span><span style=\"font-weight: 400;\">Etant l&#8217;un des pays les plus avanc\u00e9s en mati\u00e8re d&#8217;\u00e9nergies renouvelables, le Royaume pourrait tirer profit du nouveau m\u00e9canisme d&#8217;ajustement carbone aux fronti\u00e8res de l&#8217;UE.<\/span><br \/>\n<a href=\"https:\/\/fr.le360.ma\/economie\/lindustrie-marocaine-face-a-limperatif-de-la-neutralite-carbone-pour-maintenir-ses-exportations-vers-250927\" target=\"_blank\" rel=\"noopener\">[&#8230;]<\/a><\/p>\n<p>[\/vc_column_text][\/vc_column][\/vc_row][vc_row equal_height=&#8221;yes&#8221; css=&#8221;.vc_custom_1593552229797{margin-top: 10px !important;}&#8221;][vc_column width=&#8221;1\/4&#8243; css=&#8221;.vc_custom_1639046304704{background-image: url(https:\/\/cecit.es\/wp-content\/uploads\/2021\/12\/technologie-23.jpg?id=14231) !important;background-position: center !important;background-repeat: no-repeat !important;background-size: cover !important;}&#8221;][vc_empty_space height=&#8221;100px&#8221;][\/vc_column][vc_column width=&#8221;1\/4&#8243;][vc_column_text]<\/p>\n<p style=\"text-align: justify;\"><b>Dans un rapport consacr\u00e9 au Royaume : La reprise \u00e9conomique marocaine vue par Oxford Business Group<\/b><span style=\"font-weight: 400;\"><br \/>\n<\/span><span style=\"font-weight: 400;\">La marque \u00e9conomique du Maroc, \u00abMorocco Now\u00bb \u00e0 la loupe de l\u2019Oxford Business Groupe (OGB)<\/span>. <a href=\"https:\/\/aujourdhui.ma\/economie\/dans-un-rapport-consacre-au-royaume-la-reprise-economique-marocaine-vue-par-oxford-business-group\" target=\"_blank\" rel=\"noopener\">[&#8230;]<\/a><\/p>\n<p>[\/vc_column_text][\/vc_column][vc_column width=&#8221;1\/4&#8243; css=&#8221;.vc_custom_1639046379790{background-image: url(https:\/\/cecit.es\/wp-content\/uploads\/2021\/12\/plf-24.jpg?id=14233) !important;background-position: center !important;background-repeat: no-repeat !important;background-size: cover !important;}&#8221;][vc_empty_space height=&#8221;100px&#8221;][\/vc_column][vc_column width=&#8221;1\/4&#8243;][vc_column_text]<\/p>\n<p style=\"text-align: justify;\"><b>PLF 2022: &#8220;Nos amendements visaient l&#8217;investissement et l&#8217;emploi&#8221; (Youssed Alaoui)<\/b><span style=\"font-weight: 400;\"><br \/>\n<\/span><span style=\"font-weight: 400;\">Le groupe parlementaire de CGEM a r\u00e9ussi \u00e0 faire passer plusieurs mesures importantes dans le PLF adopt\u00e9 le 6 d\u00e9cembre dernier<\/span>. <a href=\"https:\/\/medias24.com\/2021\/12\/08\/plf-2022-nos-amendements-visaient-linvestissement-et-lemploi-youssef-alaoui\/\" target=\"_blank\" rel=\"noopener\">[&#8230;]<\/a><\/p>\n<p>[\/vc_column_text][\/vc_column][\/vc_row][vc_row content_placement=&#8221;middle&#8221; css=&#8221;.vc_custom_1593553984149{margin-top: 15px !important;}&#8221;][vc_column][vc_custom_heading text=&#8221;ESPAGNE- CORONAVIRUS, ECONOMIE &#038; ENTREPRISES&#8221; font_container=&#8221;tag:h5|text_align:center|color:%23ffffff&#8221; use_theme_fonts=&#8221;yes&#8221; css=&#8221;.vc_custom_1634211636915{margin-left: -15px !important;padding-top: 5px !important;padding-right: 10px !important;padding-bottom: 5px !important;padding-left: 10px !important;background-color: #c31038 !important;}&#8221;][\/vc_column][\/vc_row][vc_row equal_height=&#8221;yes&#8221; css=&#8221;.vc_custom_1593552229797{margin-top: 10px !important;}&#8221;][vc_column width=&#8221;1\/4&#8243; css=&#8221;.vc_custom_1639046466559{background-image: url(https:\/\/cecit.es\/wp-content\/uploads\/2021\/12\/heolica.jpeg?id=14239) !important;background-position: center !important;background-repeat: no-repeat !important;background-size: cover !important;}&#8221;][vc_empty_space height=&#8221;100px&#8221;][\/vc_column][vc_column width=&#8221;1\/4&#8243;][vc_column_text]<\/p>\n<p style=\"text-align: justify;\"><b>L\u2019\u00e9nergie \u00e9olienne : Premi\u00e8re source d\u2019\u00e9lectricit\u00e9.<\/b><span style=\"font-weight: 400;\"><br \/>\n<\/span><span style=\"font-weight: 400;\">La somme de toutes les \u00e9nergies renouvelables sera d\u2019environ 47% du total cette ann\u00e9e<\/span>. <a href=\"https:\/\/www.lavanguardia.com\/economia\/20211209\/7916458\/energia-eolica-generacion-electricidad-espana.html\" target=\"_blank\" rel=\"noopener\">[&#8230;]<\/a><\/p>\n<p>[\/vc_column_text][\/vc_column][vc_column width=&#8221;1\/4&#8243; css=&#8221;.vc_custom_1639046511349{background-image: url(https:\/\/cecit.es\/wp-content\/uploads\/2021\/12\/yolanda-diaz-diagonal-ep-770&#215;420-32.jpg?id=14235) !important;background-position: center !important;background-repeat: no-repeat !important;background-size: cover !important;}&#8221;][vc_empty_space height=&#8221;100px&#8221;][\/vc_column][vc_column width=&#8221;1\/4&#8243;][vc_column_text]<\/p>\n<p style=\"text-align: justify;\"><b>Le Minist\u00e8re de l&#8217;Emploi r\u00e9duit de 3,4% les bonus aux ind\u00e9pendants et aux travailleurs ayant un contrat<\/b><span style=\"font-weight: 400;\"><br \/>\n<\/span><span style=\"font-weight: 400;\">La structure des ann\u00e9es pr\u00e9c\u00e9dentes avec le poids le plus \u00e9lev\u00e9 chez les handicap\u00e9s est maintenue.<\/span> <a href=\"https:\/\/www.eleconomista.es\/economia\/noticias\/11512777\/12\/21\/Trabajo-reduce-un-34-los-fondos-de-bonificacion-a-contratos-y-autonomos.html\" target=\"_blank\" rel=\"noopener\">[&#8230;]<\/a><\/p>\n<p>[\/vc_column_text][\/vc_column][\/vc_row][vc_row equal_height=&#8221;yes&#8221; css=&#8221;.vc_custom_1593552229797{margin-top: 10px !important;}&#8221;][vc_column width=&#8221;1\/4&#8243; css=&#8221;.vc_custom_1639046597437{background-image: url(https:\/\/cecit.es\/wp-content\/uploads\/2021\/12\/emision-co2-33.jpg?id=14237) !important;background-position: center !important;background-repeat: no-repeat !important;background-size: cover !important;}&#8221;][vc_empty_space height=&#8221;100px&#8221;][\/vc_column][vc_column width=&#8221;1\/4&#8243;][vc_column_text]<\/p>\n<p style=\"text-align: justify;\"><b>A partir de 2026 les voitures et le chauffage devront payer les droits d\u2019\u00e9mission de CO2<\/b><span style=\"font-weight: 400;\"><br \/>\n<\/span><span style=\"font-weight: 400;\">Une proposition de Bruxelles couvre \u00e9galement la climatisation et le transport maritime. <\/span><a href=\"https:\/\/cincodias.elpais.com\/cincodias\/2021\/12\/08\/companias\/1638979644_099829.html\" target=\"_blank\" rel=\"noopener\">[&#8230;]<\/a><\/p>\n<p>[\/vc_column_text][\/vc_column][vc_column width=&#8221;1\/4&#8243; css=&#8221;.vc_custom_1639046656077{background-image: url(https:\/\/cecit.es\/wp-content\/uploads\/2021\/12\/nuevoiva-34.jpg?id=14241) !important;background-position: center !important;background-repeat: no-repeat !important;background-size: cover !important;}&#8221;][vc_empty_space height=&#8221;100px&#8221;][\/vc_column][vc_column width=&#8221;1\/4&#8243;][vc_column_text]<\/p>\n<p style=\"text-align: justify;\"><b>Guide pour conna\u00eetre tous les secrets de la nouvelle TVA<\/b><span style=\"font-weight: 400;\"><br \/>\n<\/span><span style=\"font-weight: 400;\">L\u2019UE s\u2019emploie \u00e0 harmoniser les taux r\u00e9duits et super r\u00e9duits de la taxe sur la valeur ajout\u00e9e et \u00e0 les concentrer sur les biens et services \u00e0 caract\u00e8re environnemental, social et de num\u00e9risation.<\/span> <a href=\"https:\/\/www.eleconomista.es\/legislacion\/noticias\/11512795\/12\/21\/Guia-para-conocer-todos-los-secretos-del-nuevo-IVA.html\" target=\"_blank\" rel=\"noopener\">[&#8230;]<\/a><\/p>\n<p>[\/vc_column_text][\/vc_column][\/vc_row][vc_row content_placement=&#8221;middle&#8221; css=&#8221;.vc_custom_1593567364689{margin-top: 10px !important;}&#8221;][vc_column][vc_custom_heading text=&#8221;OPPORTUNIT\u00c9S D\u2019AFFAIRE&#8221; font_container=&#8221;tag:h5|text_align:center|color:%23ffffff&#8221; use_theme_fonts=&#8221;yes&#8221; css=&#8221;.vc_custom_1634211652379{margin-left: -15px !important;padding-top: 5px !important;padding-right: 10px !important;padding-bottom: 5px !important;padding-left: 10px !important;background-color: #c31038 !important;}&#8221;][vc_row_inner content_placement=&#8221;middle&#8221; css=&#8221;.vc_custom_1602592755235{margin-bottom: 0px !important;padding-bottom: 0px !important;}&#8221;][vc_column_inner width=&#8221;1\/2&#8243;][vc_single_image image=&#8221;1796&#8243; img_size=&#8221;full&#8221; alignment=&#8221;center&#8221; onclick=&#8221;link_image&#8221;][\/vc_column_inner][vc_column_inner width=&#8221;1\/2&#8243;][vc_column_text]<\/p>\n<p style=\"text-align: justify;\">La Chambre Officielle de Commerce d\u2019Espagne \u00e0 Tanger a le plaisir de mettre \u00e0 votre disposition un r\u00e9capitulatif de toutes les opportunit\u00e9s d\u2019affaires \u00e9mises sur notre newsletter depuis le 06 avril 2020.<\/p>\n<p style=\"text-align: justify;\">Pour y acc\u00e9der, il suffit de cliquer sur le lien suivant :<\/p>\n<p style=\"text-align: center;\"><a href=\"https:\/\/cecit.es\/oportunidades-book\/\">https:\/\/cecit.es\/oportunidades-book\/<\/a><\/p>\n<p style=\"text-align: justify;\">Pour nous faire parvenir vos opportunit\u00e9 d\u2019affaire veuillez remplir le formulaire suivant : <a href=\"#popmake-2586\">Cliquer ici<\/a><\/p>\n<p>[\/vc_column_text][\/vc_column_inner][\/vc_row_inner][vc_column_text css=&#8221;.vc_custom_1634211708750{margin-top: 0px !important;margin-right: 0px !important;margin-bottom: 0px !important;margin-left: -15px !important;border-top-width: 1px !important;border-right-width: 1px !important;border-bottom-width: 1px !important;border-left-width: 1px !important;padding-top: 15px !important;padding-right: 15px !important;padding-bottom: 15px !important;padding-left: 15px !important;border-left-color: #c31038 !important;border-left-style: solid !important;border-right-color: #c31038 !important;border-right-style: solid !important;border-top-color: #c31038 !important;border-top-style: solid !important;border-bottom-color: #c31038 !important;border-bottom-style: solid !important;}&#8221;]<\/p>\n<p style=\"text-align: center;\"><span lang=\"FR\">Pour tout compl\u00e9ment d&#8217;information : <\/span><a href=\"mailto:buzon.oficial@camacoestanger.com\" target=\"_blank\" rel=\"noopener noreferrer\"><span lang=\"FR\">buzon.oficial@camacoestanger.com<\/span><\/a><\/p>\n<p>[\/vc_column_text][\/vc_column][\/vc_row][vc_row content_placement=&#8221;middle&#8221;][vc_column][vc_custom_heading text=&#8221;ILS NOUS FONT CONFIANCE&#8221; font_container=&#8221;tag:h3|text_align:center|color:%23000000&#8243; use_theme_fonts=&#8221;yes&#8221; css=&#8221;.vc_custom_1638525673839{margin-bottom: 0px !important;margin-left: -15px !important;padding-top: 10px !important;padding-right: 10px !important;padding-bottom: 10px !important;padding-left: 10px !important;background-color: #f1f1f1 !important;}&#8221;][vc_custom_heading text=&#8221;SPONSOR PREMIUM&#8221; font_container=&#8221;tag:h5|text_align:center|color:%23ffffff&#8221; use_theme_fonts=&#8221;yes&#8221; css=&#8221;.vc_custom_1594164753419{margin-top: 0px !important;margin-left: -15px !important;padding-top: 5px !important;padding-right: 10px !important;padding-bottom: 5px !important;padding-left: 10px !important;background-color: #7a7a7a !important;}&#8221;][vc_images_carousel images=&#8221;1605,3610,3576,1602,2732,1604&#8243; img_size=&#8221;medium&#8221; speed=&#8221;2000&#8243; slides_per_view=&#8221;3&#8243; autoplay=&#8221;yes&#8221; hide_pagination_control=&#8221;yes&#8221; wrap=&#8221;yes&#8221; css=&#8221;.vc_custom_1619096439776{margin-bottom: -20px !important;}&#8221;][vc_custom_heading text=&#8221;SPONSOR STANDARD&#8221; font_container=&#8221;tag:h5|text_align:center|color:%23ffffff&#8221; use_theme_fonts=&#8221;yes&#8221; css=&#8221;.vc_custom_1594164762091{margin-left: -15px !important;padding-top: 5px !important;padding-right: 10px !important;padding-bottom: 5px !important;padding-left: 10px !important;background-color: #7a7a7a !important;}&#8221;][vc_images_carousel images=&#8221;3606,3608,1561,1571,1594,3212,2733,1565,1592,1593,1584,1588,1589,1567,1560,1559,1574,1573,1576,1583,1586,1562,1569,1577,1578,1582,1563,1590,1564,1568,1591,1580,1596,1595&#8243; img_size=&#8221;medium&#8221; speed=&#8221;2500&#8243; slides_per_view=&#8221;5&#8243; autoplay=&#8221;yes&#8221; hide_pagination_control=&#8221;yes&#8221; wrap=&#8221;yes&#8221;][\/vc_column][\/vc_row]<\/p>\n<\/div>","protected":false},"excerpt":{"rendered":"<p>[vc_row css=&#8221;.vc_custom_1594152093128{margin-top: 0px !important;margin-bottom: 0px !important;}&#8221;][vc_column][vc_row_inner css=&#8221;.vc_custom_1593567703664{margin-top: 0px !important;margin-right: 0px !important;margin-bottom: 0px !important;margin-left: 0px !important;background-image: url(https:\/\/cecit.es\/wp-content\/uploads\/2020\/07\/logo_ban.png?id=1813) !important;background-position: center !important;background-repeat: no-repeat !important;background-size: contain !important;}&#8221;][vc_column_inner][vc_column_text] Jeudi 9 d\u00e9cembre<span class=\"excerpt-hellip\"> [\u2026]<\/span><\/p>\n","protected":false},"author":3425,"featured_media":1776,"menu_order":0,"comment_status":"closed","ping_status":"closed","template":"","meta":[],"portfolio-types":[37],"class_list":["post-14218","portfolio","type-portfolio","status-publish","has-post-thumbnail","hentry","portfolio-types-newsletter-es"],"yoast_head":"<!-- This site is optimized with the Yoast SEO plugin v26.2 - https:\/\/yoast.com\/wordpress\/plugins\/seo\/ -->\n<title>Newsletter N\u00b0156 - CECIT<\/title>\n<meta name=\"robots\" content=\"index, follow, max-snippet:-1, max-image-preview:large, max-video-preview:-1\" \/>\n<link rel=\"canonical\" href=\"https:\/\/cecit.es\/fr\/newsletters-item\/newsletter-n156\/\" \/>\n<meta property=\"og:locale\" content=\"fr_FR\" \/>\n<meta property=\"og:type\" content=\"article\" \/>\n<meta property=\"og:title\" content=\"Newsletter N\u00b0156 - CECIT\" \/>\n<meta property=\"og:description\" content=\"[vc_row css=&#8221;.vc_custom_1594152093128{margin-top: 0px !important;margin-bottom: 0px !important;}&#8221;][vc_column][vc_row_inner css=&#8221;.vc_custom_1593567703664{margin-top: 0px !important;margin-right: 0px !important;margin-bottom: 0px !important;margin-left: 0px !important;background-image: url(https:\/\/cecit.es\/wp-content\/uploads\/2020\/07\/logo_ban.png?id=1813) !important;background-position: center !important;background-repeat: no-repeat !important;background-size: contain !important;}&#8221;][vc_column_inner][vc_column_text] Jeudi 9 d\u00e9cembre [\u2026]\" \/>\n<meta property=\"og:url\" content=\"https:\/\/cecit.es\/fr\/newsletters-item\/newsletter-n156\/\" \/>\n<meta property=\"og:site_name\" content=\"CECIT\" \/>\n<meta property=\"article:publisher\" content=\"https:\/\/www.facebook.com\/camaratanger\/\" \/>\n<meta property=\"article:modified_time\" content=\"2021-12-13T11:46:54+00:00\" \/>\n<meta property=\"og:image\" content=\"https:\/\/cecit.es\/wp-content\/uploads\/2020\/06\/header_newsletter.jpg\" \/>\n\t<meta property=\"og:image:width\" content=\"1200\" \/>\n\t<meta property=\"og:image:height\" content=\"430\" \/>\n\t<meta property=\"og:image:type\" content=\"image\/jpeg\" \/>\n<meta name=\"twitter:card\" content=\"summary_large_image\" \/>\n<meta name=\"twitter:label1\" content=\"Dur\u00e9e de lecture estim\u00e9e\" \/>\n\t<meta name=\"twitter:data1\" content=\"10 minutes\" \/>\n<script type=\"application\/ld+json\" class=\"yoast-schema-graph\">{\"@context\":\"https:\/\/schema.org\",\"@graph\":[{\"@type\":\"WebPage\",\"@id\":\"https:\/\/cecit.es\/fr\/newsletters-item\/newsletter-n156\/\",\"url\":\"https:\/\/cecit.es\/fr\/newsletters-item\/newsletter-n156\/\",\"name\":\"Newsletter N\u00b0156 - CECIT\",\"isPartOf\":{\"@id\":\"https:\/\/cecit.es\/fr\/#website\"},\"primaryImageOfPage\":{\"@id\":\"https:\/\/cecit.es\/fr\/newsletters-item\/newsletter-n156\/#primaryimage\"},\"image\":{\"@id\":\"https:\/\/cecit.es\/fr\/newsletters-item\/newsletter-n156\/#primaryimage\"},\"thumbnailUrl\":\"https:\/\/cecit.es\/wp-content\/uploads\/2020\/06\/header_newsletter.jpg\",\"datePublished\":\"2021-12-13T11:44:31+00:00\",\"dateModified\":\"2021-12-13T11:46:54+00:00\",\"breadcrumb\":{\"@id\":\"https:\/\/cecit.es\/fr\/newsletters-item\/newsletter-n156\/#breadcrumb\"},\"inLanguage\":\"fr-FR\",\"potentialAction\":[{\"@type\":\"ReadAction\",\"target\":[\"https:\/\/cecit.es\/fr\/newsletters-item\/newsletter-n156\/\"]}]},{\"@type\":\"ImageObject\",\"inLanguage\":\"fr-FR\",\"@id\":\"https:\/\/cecit.es\/fr\/newsletters-item\/newsletter-n156\/#primaryimage\",\"url\":\"https:\/\/cecit.es\/wp-content\/uploads\/2020\/06\/header_newsletter.jpg\",\"contentUrl\":\"https:\/\/cecit.es\/wp-content\/uploads\/2020\/06\/header_newsletter.jpg\",\"width\":1200,\"height\":430},{\"@type\":\"BreadcrumbList\",\"@id\":\"https:\/\/cecit.es\/fr\/newsletters-item\/newsletter-n156\/#breadcrumb\",\"itemListElement\":[{\"@type\":\"ListItem\",\"position\":1,\"name\":\"Portada\",\"item\":\"https:\/\/cecit.es\/fr\/\"},{\"@type\":\"ListItem\",\"position\":2,\"name\":\"Newsletter N\u00b0156\"}]},{\"@type\":\"WebSite\",\"@id\":\"https:\/\/cecit.es\/fr\/#website\",\"url\":\"https:\/\/cecit.es\/fr\/\",\"name\":\"CECIT\",\"description\":\"Chambre de commerce officielle d&#039;Espagne \u00e0 Tanger\",\"publisher\":{\"@id\":\"https:\/\/cecit.es\/fr\/#organization\"},\"potentialAction\":[{\"@type\":\"SearchAction\",\"target\":{\"@type\":\"EntryPoint\",\"urlTemplate\":\"https:\/\/cecit.es\/fr\/?s={search_term_string}\"},\"query-input\":{\"@type\":\"PropertyValueSpecification\",\"valueRequired\":true,\"valueName\":\"search_term_string\"}}],\"inLanguage\":\"fr-FR\"},{\"@type\":\"Organization\",\"@id\":\"https:\/\/cecit.es\/fr\/#organization\",\"name\":\"C\u00e1mara Oficial de Comercio de Espa\u00f1a en T\u00e1nger\",\"url\":\"https:\/\/cecit.es\/fr\/\",\"logo\":{\"@type\":\"ImageObject\",\"inLanguage\":\"fr-FR\",\"@id\":\"https:\/\/cecit.es\/fr\/#\/schema\/logo\/image\/\",\"url\":\"https:\/\/cecit.es\/wp-content\/uploads\/2021\/11\/cecit.png\",\"contentUrl\":\"https:\/\/cecit.es\/wp-content\/uploads\/2021\/11\/cecit.png\",\"width\":800,\"height\":493,\"caption\":\"C\u00e1mara Oficial de Comercio de Espa\u00f1a en T\u00e1nger\"},\"image\":{\"@id\":\"https:\/\/cecit.es\/fr\/#\/schema\/logo\/image\/\"},\"sameAs\":[\"https:\/\/www.facebook.com\/camaratanger\/\"]}]}<\/script>\n<!-- \/ Yoast SEO plugin. -->","yoast_head_json":{"title":"Newsletter N\u00b0156 - CECIT","robots":{"index":"index","follow":"follow","max-snippet":"max-snippet:-1","max-image-preview":"max-image-preview:large","max-video-preview":"max-video-preview:-1"},"canonical":"https:\/\/cecit.es\/fr\/newsletters-item\/newsletter-n156\/","og_locale":"fr_FR","og_type":"article","og_title":"Newsletter N\u00b0156 - CECIT","og_description":"[vc_row css=&#8221;.vc_custom_1594152093128{margin-top: 0px !important;margin-bottom: 0px !important;}&#8221;][vc_column][vc_row_inner css=&#8221;.vc_custom_1593567703664{margin-top: 0px !important;margin-right: 0px !important;margin-bottom: 0px !important;margin-left: 0px !important;background-image: url(https:\/\/cecit.es\/wp-content\/uploads\/2020\/07\/logo_ban.png?id=1813) !important;background-position: center !important;background-repeat: no-repeat !important;background-size: contain !important;}&#8221;][vc_column_inner][vc_column_text] Jeudi 9 d\u00e9cembre [\u2026]","og_url":"https:\/\/cecit.es\/fr\/newsletters-item\/newsletter-n156\/","og_site_name":"CECIT","article_publisher":"https:\/\/www.facebook.com\/camaratanger\/","article_modified_time":"2021-12-13T11:46:54+00:00","og_image":[{"width":1200,"height":430,"url":"https:\/\/cecit.es\/wp-content\/uploads\/2020\/06\/header_newsletter.jpg","type":"image\/jpeg"}],"twitter_card":"summary_large_image","twitter_misc":{"Dur\u00e9e de lecture estim\u00e9e":"10 minutes"},"schema":{"@context":"https:\/\/schema.org","@graph":[{"@type":"WebPage","@id":"https:\/\/cecit.es\/fr\/newsletters-item\/newsletter-n156\/","url":"https:\/\/cecit.es\/fr\/newsletters-item\/newsletter-n156\/","name":"Newsletter N\u00b0156 - CECIT","isPartOf":{"@id":"https:\/\/cecit.es\/fr\/#website"},"primaryImageOfPage":{"@id":"https:\/\/cecit.es\/fr\/newsletters-item\/newsletter-n156\/#primaryimage"},"image":{"@id":"https:\/\/cecit.es\/fr\/newsletters-item\/newsletter-n156\/#primaryimage"},"thumbnailUrl":"https:\/\/cecit.es\/wp-content\/uploads\/2020\/06\/header_newsletter.jpg","datePublished":"2021-12-13T11:44:31+00:00","dateModified":"2021-12-13T11:46:54+00:00","breadcrumb":{"@id":"https:\/\/cecit.es\/fr\/newsletters-item\/newsletter-n156\/#breadcrumb"},"inLanguage":"fr-FR","potentialAction":[{"@type":"ReadAction","target":["https:\/\/cecit.es\/fr\/newsletters-item\/newsletter-n156\/"]}]},{"@type":"ImageObject","inLanguage":"fr-FR","@id":"https:\/\/cecit.es\/fr\/newsletters-item\/newsletter-n156\/#primaryimage","url":"https:\/\/cecit.es\/wp-content\/uploads\/2020\/06\/header_newsletter.jpg","contentUrl":"https:\/\/cecit.es\/wp-content\/uploads\/2020\/06\/header_newsletter.jpg","width":1200,"height":430},{"@type":"BreadcrumbList","@id":"https:\/\/cecit.es\/fr\/newsletters-item\/newsletter-n156\/#breadcrumb","itemListElement":[{"@type":"ListItem","position":1,"name":"Portada","item":"https:\/\/cecit.es\/fr\/"},{"@type":"ListItem","position":2,"name":"Newsletter N\u00b0156"}]},{"@type":"WebSite","@id":"https:\/\/cecit.es\/fr\/#website","url":"https:\/\/cecit.es\/fr\/","name":"CECIT","description":"Chambre de commerce officielle d&#039;Espagne \u00e0 Tanger","publisher":{"@id":"https:\/\/cecit.es\/fr\/#organization"},"potentialAction":[{"@type":"SearchAction","target":{"@type":"EntryPoint","urlTemplate":"https:\/\/cecit.es\/fr\/?s={search_term_string}"},"query-input":{"@type":"PropertyValueSpecification","valueRequired":true,"valueName":"search_term_string"}}],"inLanguage":"fr-FR"},{"@type":"Organization","@id":"https:\/\/cecit.es\/fr\/#organization","name":"C\u00e1mara Oficial de Comercio de Espa\u00f1a en T\u00e1nger","url":"https:\/\/cecit.es\/fr\/","logo":{"@type":"ImageObject","inLanguage":"fr-FR","@id":"https:\/\/cecit.es\/fr\/#\/schema\/logo\/image\/","url":"https:\/\/cecit.es\/wp-content\/uploads\/2021\/11\/cecit.png","contentUrl":"https:\/\/cecit.es\/wp-content\/uploads\/2021\/11\/cecit.png","width":800,"height":493,"caption":"C\u00e1mara Oficial de Comercio de Espa\u00f1a en T\u00e1nger"},"image":{"@id":"https:\/\/cecit.es\/fr\/#\/schema\/logo\/image\/"},"sameAs":["https:\/\/www.facebook.com\/camaratanger\/"]}]}},"_links":{"self":[{"href":"https:\/\/cecit.es\/fr\/wp-json\/wp\/v2\/portfolio\/14218","targetHints":{"allow":["GET"]}}],"collection":[{"href":"https:\/\/cecit.es\/fr\/wp-json\/wp\/v2\/portfolio"}],"about":[{"href":"https:\/\/cecit.es\/fr\/wp-json\/wp\/v2\/types\/portfolio"}],"author":[{"embeddable":true,"href":"https:\/\/cecit.es\/fr\/wp-json\/wp\/v2\/users\/3425"}],"replies":[{"embeddable":true,"href":"https:\/\/cecit.es\/fr\/wp-json\/wp\/v2\/comments?post=14218"}],"wp:featuredmedia":[{"embeddable":true,"href":"https:\/\/cecit.es\/fr\/wp-json\/wp\/v2\/media\/1776"}],"wp:attachment":[{"href":"https:\/\/cecit.es\/fr\/wp-json\/wp\/v2\/media?parent=14218"}],"wp:term":[{"taxonomy":"portfolio-types","embeddable":true,"href":"https:\/\/cecit.es\/fr\/wp-json\/wp\/v2\/portfolio-types?post=14218"}],"curies":[{"name":"wp","href":"https:\/\/api.w.org\/{rel}","templated":true}]}}