{"id":14212,"date":"2021-12-03T10:18:46","date_gmt":"2021-12-03T09:18:46","guid":{"rendered":"https:\/\/cecit.es\/newsletters-item\/newsletter-n155-fr\/"},"modified":"2021-12-03T12:32:28","modified_gmt":"2021-12-03T11:32:28","slug":"newsletter-n155-fr","status":"publish","type":"portfolio","link":"https:\/\/cecit.es\/fr\/newsletters-item\/newsletter-n155-fr\/","title":{"rendered":"Newsletter N\u00b0155"},"content":{"rendered":"<div class=\"wpb-content-wrapper\"><p>[vc_row css=&#8221;.vc_custom_1594152093128{margin-top: 0px !important;margin-bottom: 0px !important;}&#8221;][vc_column][vc_row_inner css=&#8221;.vc_custom_1593567703664{margin-top: 0px !important;margin-right: 0px !important;margin-bottom: 0px !important;margin-left: 0px !important;background-image: url(https:\/\/cecit.es\/wp-content\/uploads\/2020\/07\/logo_ban.png?id=1813) !important;background-position: center !important;background-repeat: no-repeat !important;background-size: contain !important;}&#8221;][vc_column_inner][vc_column_text]<\/p>\n<p style=\"text-align: center;\"><b>Jeudi 2 d\u00e9cembre 2021<\/b><\/p>\n<h4 style=\"text-align: center;\"><strong>N\u00b0 155<\/strong><\/h4>\n<p>[\/vc_column_text][\/vc_column_inner][\/vc_row_inner][\/vc_column][\/vc_row][vc_row content_placement=&#8221;middle&#8221;][vc_column][vc_custom_heading text=&#8221;ACTUALIT\u00c9S DE LA CHAMBRE&#8221; font_container=&#8221;tag:h5|text_align:center|color:%23ffffff&#8221; use_theme_fonts=&#8221;yes&#8221; css=&#8221;.vc_custom_1638449473091{margin-left: -15px !important;padding-top: 5px !important;padding-right: 10px !important;padding-bottom: 5px !important;padding-left: 10px !important;background-color: #c31038 !important;}&#8221;][vc_row_inner][vc_column_inner width=&#8221;1\/3&#8243;][vc_single_image image=&#8221;14200&#8243; img_size=&#8221;full&#8221; onclick=&#8221;link_image&#8221;][\/vc_column_inner][vc_column_inner width=&#8221;2\/3&#8243;][vc_column_text]L\u2019Assembl\u00e9e G\u00e9n\u00e9rale Ordinaire de la \u00ab C\u00e1mara Oficial de Comercio de Espa\u00f1a en T\u00e1nger \u00bb (CECIT) s\u2019est tenu le mercredi 24 novembre \u00e0 17h00 au M\u00f6venpick Hotel &amp;amp; Casino Malabata de Tanger. Pr\u00e9sid\u00e9e par Mr. Jos\u00e9 Estevez Martinez, Pr\u00e9sident de la CECIT, en pr\u00e9sence de Son Excellence Mr. Le Consul G\u00e9n\u00e9ral D\u2019Espagne \u00e1 Tanger, Mr. Alfonso Manuel Portabales V\u00e1zquez, M. Javier Fern\u00e1ndez M\u00e9ndez de Andes, Conseiller Economique et Commercial de l\u2019Ambassade d\u2019Espagne \u00e0 Rabat, Mr. Miguel Martin, Tresorier-Adjoint de la CECIT et la Directrice de la CECIT, Mme. Amal Boussouf.[\/vc_column_text][\/vc_column_inner][\/vc_row_inner][\/vc_column][\/vc_row][vc_row content_placement=&#8221;middle&#8221;][vc_column][vc_custom_heading text=&#8221;MAROC- SOCI\u00c9T\u00c9&#8221; font_container=&#8221;tag:h5|text_align:center|color:%23ffffff&#8221; use_theme_fonts=&#8221;yes&#8221; css=&#8221;.vc_custom_1634211606310{margin-left: -15px !important;padding-top: 5px !important;padding-right: 10px !important;padding-bottom: 5px !important;padding-left: 10px !important;background-color: #c31038 !important;}&#8221;][\/vc_column][\/vc_row][vc_row equal_height=&#8221;yes&#8221;][vc_column width=&#8221;1\/4&#8243; css=&#8221;.vc_custom_1638447724669{background-image: url(https:\/\/cecit.es\/wp-content\/uploads\/2021\/12\/captura.jpg?id=14183) !important;background-position: center !important;background-repeat: no-repeat !important;background-size: cover !important;}&#8221;][vc_empty_space height=&#8221;100px&#8221;][\/vc_column][vc_column width=&#8221;1\/4&#8243;][vc_column_text]<\/p>\n<p style=\"text-align: justify;\"><strong><b>AMO des ind\u00e9pendants. Voici comment la CNSS se pr\u00e9pare \u00e0 accueillir les nouveaux b\u00e9n\u00e9ficiaires<\/b>.<\/strong><\/p>\n<p><span style=\"font-weight: 400;\">En se voyant confier la gestion de l&#8217;AMO, hors public, la CNSS devra passer de la gestion d&#8217;une population de 9 millions de personnes \u00e0 30 millions de personnes <\/span><a href=\"https:\/\/www.medias24.com\/2021\/12\/01\/amo-des-independants-voici-comment-la-cnss-se-prepare-a-accueillir-les-nouveaux-beneficiaires\/\" target=\"_blank\" rel=\"noopener\">[&#8230;]<\/a>[\/vc_column_text][\/vc_column][vc_column width=&#8221;1\/4&#8243; css=&#8221;.vc_custom_1638447810821{background-image: url(https:\/\/cecit.es\/wp-content\/uploads\/2021\/12\/maroc-niveau-ecole-privee.jpg?id=14185) !important;background-position: center !important;background-repeat: no-repeat !important;background-size: cover !important;}&#8221;][vc_empty_space height=&#8221;100px&#8221;][\/vc_column][vc_column width=&#8221;1\/4&#8243;][vc_column_text]<\/p>\n<p style=\"text-align: justify;\"><b>Au Maroc, l\u2019\u00e9cole priv\u00e9e r\u00e9ussit bien mieux que le public<\/b><\/p>\n<p><span style=\"font-weight: 400;\">Il se d\u00e9gage un \u00e9cart entre le niveau de performance des \u00e9l\u00e8ves, selon conseil sup\u00e9rieur de l\u2019\u00c9ducation<\/span>\u00a0<a href=\"https:\/\/www.bladi.net\/maroc-ecole-privee-niveau,88502.html\" target=\"_blank\" rel=\"noopener\">[&#8230;]<\/a>[\/vc_column_text][\/vc_column][\/vc_row][vc_row equal_height=&#8221;yes&#8221; css=&#8221;.vc_custom_1593552229797{margin-top: 10px !important;}&#8221;][vc_column width=&#8221;1\/4&#8243; css=&#8221;.vc_custom_1638447911706{background-image: url(https:\/\/cecit.es\/wp-content\/uploads\/2021\/12\/iberia-vols-rapatriement.jpg?id=14187) !important;background-position: center !important;background-repeat: no-repeat !important;background-size: cover !important;}&#8221;][vc_empty_space height=&#8221;100px&#8221;][\/vc_column][vc_column width=&#8221;1\/4&#8243;][vc_column_text]<\/p>\n<p style=\"text-align: justify;\"><b>Fermeture de fronti\u00e8res : Iberia propose des vols au d\u00e9part de Casablanca<\/b><\/p>\n<p><span style=\"font-weight: 400;\">La compagnie Iberia a annonc\u00e9 l\u2019organisation de vols sp\u00e9ciaux depuis Casablanca pour faciliter le retour des voyageurs bloqu\u00e9s au Maroc, apr\u00e8s la fermeture des fronti\u00e8res<\/span> <a href=\"https:\/\/www.bladi.net\/iberia-vols-rapatriement-casablanca,88501.html\" target=\"_blank\" rel=\"noopener\">[&#8230;]<\/a>[\/vc_column_text][\/vc_column][vc_column width=&#8221;1\/4&#8243; css=&#8221;.vc_custom_1638448082136{background-image: url(https:\/\/cecit.es\/wp-content\/uploads\/2021\/12\/voyages.jpg?id=14189) !important;background-position: center !important;background-repeat: no-repeat !important;background-size: cover !important;}&#8221;][vc_empty_space height=&#8221;100px&#8221;][\/vc_column][vc_column width=&#8221;1\/4&#8243;][vc_column_text]<\/p>\n<p style=\"text-align: justify;\"><b>Covid-19 et voyages internationaux: Mise \u00e0 jour des conditions de d\u00e9placement du Maroc vers la France d\u00e8s le 4 d\u00e9cembre<\/b><\/p>\n<p><span style=\"font-weight: 400;\">Il s\u2019agit de l\u2019imposition d\u2019un test n\u00e9gatif \u00e0 tous les voyageurs hors UE, dont le Maroc <\/span><a href=\"https:\/\/fr.le360.ma\/societe\/covid-19-et-voyages-internationaux-mise-a-jour-des-conditions-de-deplacement-du-maroc-vers-la-france-250475\" target=\"_blank\" rel=\"noopener\">[&#8230;]<\/a>[\/vc_column_text][\/vc_column][\/vc_row][vc_row content_placement=&#8221;middle&#8221; css=&#8221;.vc_custom_1593553974695{margin-top: 15px !important;}&#8221;][vc_column][vc_custom_heading text=&#8221;MAROC- \u00c9CONOMIE &#038; ENTREPRISES&#8221; font_container=&#8221;tag:h5|text_align:center|color:%23ffffff&#8221; use_theme_fonts=&#8221;yes&#8221; css=&#8221;.vc_custom_1634211622081{margin-left: -15px !important;padding-top: 5px !important;padding-right: 10px !important;padding-bottom: 5px !important;padding-left: 10px !important;background-color: #c31038 !important;}&#8221;][\/vc_column][\/vc_row][vc_row equal_height=&#8221;yes&#8221;][vc_column width=&#8221;1\/4&#8243; css=&#8221;.vc_custom_1638448171050{background-image: url(https:\/\/cecit.es\/wp-content\/uploads\/2021\/12\/dayem-morocco-textile.jpg?id=14191) !important;background-position: center !important;background-repeat: no-repeat !important;background-size: cover !important;}&#8221;][vc_empty_space height=&#8221;100px&#8221;][\/vc_column][vc_column width=&#8221;1\/4&#8243;][vc_column_text]<\/p>\n<p style=\"text-align: justify;\"><b>&#8220;Dayem morocco&#8221;: Le textile marocain se dote d&#8217;une nouvelle feuille de route<\/b><\/p>\n<p><span style=\"font-weight: 400;\">L\u2019AMITH ambitionne, \u00e0 l\u2019horizon 2035, d\u2019augmenter la valeur des exportations marocaines \u00e0 60 milliards de dirhams, et de porter la part des exportations marocaines sur les march\u00e9s d\u2019Am\u00e9rique du Nord et d\u2019Europe du Nord \u00e0 20% du total des exportations. <\/span><a href=\"https:\/\/www.maroc-hebdo.press.ma\/dayem-morocco-textile-marocain\" target=\"_blank\" rel=\"noopener\">[&#8230;]<\/a>[\/vc_column_text][\/vc_column][vc_column width=&#8221;1\/4&#8243; css=&#8221;.vc_custom_1638448335226{background-image: url(https:\/\/cecit.es\/wp-content\/uploads\/2021\/12\/energy.jpg?id=14194) !important;background-position: center !important;background-repeat: no-repeat !important;background-size: cover !important;}&#8221;][vc_empty_space height=&#8221;100px&#8221;][\/vc_column][vc_column width=&#8221;1\/4&#8243;][vc_column_text]<\/p>\n<p style=\"text-align: justify;\"><b>Sound Energy-ONEE: les d\u00e9tails du contrat qui alimentera les centrales \u00e9lectriques<\/b><\/p>\n<p><span style=\"font-weight: 400;\">Dans un premier temps, il permettra de fournir deux centrales \u00e9lectriques, puis, \u00e0 moyen terme, de satisfaire tous les besoins gaziers du Maroc sans recourir aux importations <\/span><a href=\"https:\/\/www.medias24.com\/2021\/12\/01\/sound-energy-onee-les-details-du-contrat-qui-alimentera-les-centrales-electriques\/\" target=\"_blank\" rel=\"noopener\">[&#8230;]<\/a>[\/vc_column_text][\/vc_column][\/vc_row][vc_row equal_height=&#8221;yes&#8221; css=&#8221;.vc_custom_1593552229797{margin-top: 10px !important;}&#8221;][vc_column width=&#8221;1\/4&#8243; css=&#8221;.vc_custom_1638448419867{background-image: url(https:\/\/cecit.es\/wp-content\/uploads\/2021\/12\/protection.jpg?id=14196) !important;background-position: center !important;background-repeat: no-repeat !important;background-size: cover !important;}&#8221;][vc_empty_space height=&#8221;100px&#8221;][\/vc_column][vc_column width=&#8221;1\/4&#8243;][vc_column_text]<\/p>\n<p style=\"text-align: justify;\"><b>Protection sociale : La CNSS publie la liste compl\u00e8te des professions et les \u00e9ch\u00e9ances de cotisations<\/b><\/p>\n<p><span style=\"font-weight: 400;\">Elle a ainsi inform\u00e9, dans un communiqu\u00e9, l&#8217;ensemble des travailleurs non-salari\u00e9s concern\u00e9s par les d\u00e9crets r\u00e9cemment adopt\u00e9s par le conseil du gouvernement qu&#8217;ils sont d\u00e9sormais assujettis au r\u00e9gime de l&#8217;assurance maladie obligatoire (AMO) <\/span><a href=\"https:\/\/www.yabiladi.com\/articles\/details\/121695\/protection-sociale-cnss-publie-liste.html\" target=\"_blank\" rel=\"noopener\">[&#8230;]<\/a>[\/vc_column_text][\/vc_column][vc_column width=&#8221;1\/4&#8243; css=&#8221;.vc_custom_1638448490824{background-image: url(https:\/\/cecit.es\/wp-content\/uploads\/2021\/12\/european.jpg?id=14198) !important;background-position: center !important;background-repeat: no-repeat !important;background-size: cover !important;}&#8221;][vc_empty_space height=&#8221;100px&#8221;][\/vc_column][vc_column width=&#8221;1\/4&#8243;][vc_column_text]<\/p>\n<p style=\"text-align: justify;\"><b>La BERD lance un programme d\u2019apprentissage en ligne \u00e0 l\u2019appui des march\u00e9s de capitaux<\/b><\/p>\n<p><span style=\"font-weight: 400;\">La BERD a annonc\u00e9 mardi son soutien au syst\u00e8me financier marocain \u00e0 travers le lancement d\u2019un programme de formation en ligne sur les march\u00e9s des capitaux<\/span>\u00a0<a href=\"https:\/\/aujourdhui.ma\/economie\/la-berd-lance-un-programme-dapprentissage-en-ligne-a-lappui-des-marches-de-capitaux\" target=\"_blank\" rel=\"noopener\">[&#8230;]<\/a>[\/vc_column_text][\/vc_column][\/vc_row][vc_row content_placement=&#8221;middle&#8221; css=&#8221;.vc_custom_1593553984149{margin-top: 15px !important;}&#8221;][vc_column][vc_custom_heading text=&#8221;ESPAGNE- CORONAVIRUS, ECONOMIE &#038; ENTREPRISES&#8221; font_container=&#8221;tag:h5|text_align:center|color:%23ffffff&#8221; use_theme_fonts=&#8221;yes&#8221; css=&#8221;.vc_custom_1634211636915{margin-left: -15px !important;padding-top: 5px !important;padding-right: 10px !important;padding-bottom: 5px !important;padding-left: 10px !important;background-color: #c31038 !important;}&#8221;][\/vc_column][\/vc_row][vc_row equal_height=&#8221;yes&#8221; css=&#8221;.vc_custom_1593552229797{margin-top: 10px !important;}&#8221;][vc_column width=&#8221;1\/4&#8243; css=&#8221;.vc_custom_1638449376353{background-image: url(https:\/\/cecit.es\/wp-content\/uploads\/2021\/12\/fondos.jpg?id=14202) !important;background-position: center !important;background-repeat: no-repeat !important;background-size: cover !important;}&#8221;][vc_empty_space height=&#8221;100px&#8221;][\/vc_column][vc_column width=&#8221;1\/4&#8243;][vc_column_text]<\/p>\n<p style=\"text-align: justify;\"><b>Les fonds europ\u00e9ens, le meilleur multiplicateur pour la croissance \u00e9conomique<\/b><\/p>\n<p><span style=\"font-weight: 400;\">La Secr\u00e9taire d\u2019\u00c9tat de l\u2019Energie, Sara Aagesen, estime que la pr\u00e9vision initiale de l\u2019effet des aides sur le PIB est mod\u00e9r\u00e9e<\/span>\u00a0<a href=\"https:\/\/cincodias.elpais.com\/cincodias\/2021\/12\/01\/economia\/1638388016_744285.html\" target=\"_blank\" rel=\"noopener\">[&#8230;]<\/a>[\/vc_column_text][\/vc_column][vc_column width=&#8221;1\/4&#8243; css=&#8221;.vc_custom_1638448994557{background-image: url(https:\/\/cecit.es\/wp-content\/uploads\/2021\/12\/congreso.jpg?id=14204) !important;background-position: center !important;background-repeat: no-repeat !important;background-size: cover !important;}&#8221;][vc_empty_space height=&#8221;100px&#8221;][\/vc_column][vc_column width=&#8221;1\/4&#8243;][vc_column_text]<\/p>\n<p style=\"text-align: justify;\"><b>Le Congr\u00e8s vote aujourd\u2019hui le nouvel imp\u00f4t sur la plus-value, un cr\u00e9dit \u00e0 la S\u00e9curit\u00e9 Sociale et aux directives europ\u00e9ennes<\/b><\/p>\n<p><span style=\"font-weight: 400;\">La Chambre peut approuver sa gestion en tant que projet de loi proposant des modifications par des amendements<\/span><span style=\"text-align: justify;\">\u00a0<\/span><a style=\"text-align: justify;\" href=\"https:\/\/www.elconfidencialdigital.com\/articulo\/ultima-hora\/congreso-vota-hoy-nuevo-impuesto-plusvalia-credito-seguridad-social-directivas-europeas\/20211202075243315224.html\" target=\"_blank\" rel=\"noopener\">[&#8230;]<\/a>[\/vc_column_text][\/vc_column][\/vc_row][vc_row equal_height=&#8221;yes&#8221; css=&#8221;.vc_custom_1593552229797{margin-top: 10px !important;}&#8221;][vc_column width=&#8221;1\/4&#8243; css=&#8221;.vc_custom_1638449364812{background-image: url(https:\/\/cecit.es\/wp-content\/uploads\/2021\/12\/luz.jpg?id=14206) !important;background-position: center !important;background-repeat: no-repeat !important;background-size: cover !important;}&#8221;][vc_empty_space height=&#8221;100px&#8221;][\/vc_column][vc_column width=&#8221;1\/4&#8243;][vc_column_text]<\/p>\n<p style=\"text-align: justify;\"><b>Le prix de l&#8217;\u00e9lectricit\u00e9 va chuter ce jeudi de pr\u00e8s de 11%, jusqu\u2019\u00e0 220,66 euros\/MWh<\/b><\/p>\n<p><span style=\"font-weight: 400;\">Elle baissera ce jeudi de 10,7% par rapport \u00e0 hier mercredi, encha\u00eenant ainsi son deuxi\u00e8me jour cons\u00e9cutif de chutes <\/span><a href=\"https:\/\/www.elconfidencialdigital.com\/articulo\/ultima-hora\/precio-luz-caera-jueves-casi-11-22066-euros-mwh\/20211202080240315227.html\" target=\"_blank\" rel=\"noopener\">[&#8230;]<\/a>[\/vc_column_text][\/vc_column][vc_column width=&#8221;1\/4&#8243; css=&#8221;.vc_custom_1638449150133{background-image: url(https:\/\/cecit.es\/wp-content\/uploads\/2021\/12\/paro.jpeg?id=14208) !important;background-position: center !important;background-repeat: no-repeat !important;background-size: cover !important;}&#8221;][vc_empty_space height=&#8221;100px&#8221;][\/vc_column][vc_column width=&#8221;1\/4&#8243;][vc_column_text]<\/p>\n<p style=\"text-align: justify;\"><b>Le ch\u00f4mage diminue de 74.000 personnes, record au mois de novembre<\/b><\/p>\n<p><span style=\"font-weight: 400;\">C\u2019est le neuvi\u00e8me mois cons\u00e9cutif de baisse du ch\u00f4mage <\/span><a href=\"https:\/\/www.lavanguardia.com\/economia\/20211202\/7903671\/paro-desempleo-afiliacion-seguridad-social.html\" target=\"_blank\" rel=\"noopener\">[&#8230;]<\/a>[\/vc_column_text][\/vc_column][\/vc_row][vc_row content_placement=&#8221;middle&#8221; css=&#8221;.vc_custom_1593567364689{margin-top: 10px !important;}&#8221;][vc_column][vc_custom_heading text=&#8221;OPPORTUNIT\u00c9S D\u2019AFFAIRE&#8221; font_container=&#8221;tag:h5|text_align:center|color:%23ffffff&#8221; use_theme_fonts=&#8221;yes&#8221; css=&#8221;.vc_custom_1634211652379{margin-left: -15px !important;padding-top: 5px !important;padding-right: 10px !important;padding-bottom: 5px !important;padding-left: 10px !important;background-color: #c31038 !important;}&#8221;][vc_row_inner content_placement=&#8221;middle&#8221; css=&#8221;.vc_custom_1602592755235{margin-bottom: 0px !important;padding-bottom: 0px !important;}&#8221;][vc_column_inner width=&#8221;1\/2&#8243;][vc_single_image image=&#8221;1796&#8243; img_size=&#8221;full&#8221; alignment=&#8221;center&#8221; onclick=&#8221;link_image&#8221;][\/vc_column_inner][vc_column_inner width=&#8221;1\/2&#8243;][vc_column_text]<\/p>\n<p style=\"text-align: justify;\">La Chambre Officielle de Commerce d\u2019Espagne \u00e0 Tanger a le plaisir de mettre \u00e0 votre disposition un r\u00e9capitulatif de toutes les opportunit\u00e9s d\u2019affaires \u00e9mises sur notre newsletter depuis le 06 avril 2020.<\/p>\n<p style=\"text-align: justify;\">Pour y acc\u00e9der, il suffit de cliquer sur le lien suivant :<\/p>\n<p style=\"text-align: center;\"><a href=\"https:\/\/cecit.es\/oportunidades-book\/\">https:\/\/cecit.es\/oportunidades-book\/<\/a><\/p>\n<p style=\"text-align: justify;\">Pour nous faire parvenir vos opportunit\u00e9 d\u2019affaire veuillez remplir le formulaire suivant : <a href=\"#popmake-2586\">Cliquer ici<\/a><\/p>\n<p>[\/vc_column_text][\/vc_column_inner][\/vc_row_inner][vc_column_text css=&#8221;.vc_custom_1634211708750{margin-top: 0px !important;margin-right: 0px !important;margin-bottom: 0px !important;margin-left: -15px !important;border-top-width: 1px !important;border-right-width: 1px !important;border-bottom-width: 1px !important;border-left-width: 1px !important;padding-top: 15px !important;padding-right: 15px !important;padding-bottom: 15px !important;padding-left: 15px !important;border-left-color: #c31038 !important;border-left-style: solid !important;border-right-color: #c31038 !important;border-right-style: solid !important;border-top-color: #c31038 !important;border-top-style: solid !important;border-bottom-color: #c31038 !important;border-bottom-style: solid !important;}&#8221;]<\/p>\n<p style=\"text-align: center;\"><span lang=\"FR\">Pour tout compl\u00e9ment d&#8217;information : <\/span><a href=\"mailto:buzon.oficial@camacoestanger.com\" target=\"_blank\" rel=\"noopener noreferrer\"><span lang=\"FR\">buzon.oficial@camacoestanger.com<\/span><\/a><\/p>\n<p>[\/vc_column_text][\/vc_column][\/vc_row][vc_row content_placement=&#8221;middle&#8221;][vc_column][vc_custom_heading text=&#8221;ILS NOUS FONT CONFIANCE&#8221; font_container=&#8221;tag:h3|text_align:center|color:%23000000&#8243; use_theme_fonts=&#8221;yes&#8221; css=&#8221;.vc_custom_1638525673839{margin-bottom: 0px !important;margin-left: -15px !important;padding-top: 10px !important;padding-right: 10px !important;padding-bottom: 10px !important;padding-left: 10px !important;background-color: #f1f1f1 !important;}&#8221;][vc_custom_heading text=&#8221;SPONSOR PREMIUM&#8221; font_container=&#8221;tag:h5|text_align:center|color:%23ffffff&#8221; use_theme_fonts=&#8221;yes&#8221; css=&#8221;.vc_custom_1594164753419{margin-top: 0px !important;margin-left: -15px !important;padding-top: 5px !important;padding-right: 10px !important;padding-bottom: 5px !important;padding-left: 10px !important;background-color: #7a7a7a !important;}&#8221;][vc_images_carousel images=&#8221;1605,3610,3576,1602,2732,1604&#8243; img_size=&#8221;medium&#8221; speed=&#8221;2000&#8243; slides_per_view=&#8221;3&#8243; autoplay=&#8221;yes&#8221; hide_pagination_control=&#8221;yes&#8221; wrap=&#8221;yes&#8221; css=&#8221;.vc_custom_1619096439776{margin-bottom: -20px !important;}&#8221;][vc_custom_heading text=&#8221;SPONSOR STANDARD&#8221; font_container=&#8221;tag:h5|text_align:center|color:%23ffffff&#8221; use_theme_fonts=&#8221;yes&#8221; css=&#8221;.vc_custom_1594164762091{margin-left: -15px !important;padding-top: 5px !important;padding-right: 10px !important;padding-bottom: 5px !important;padding-left: 10px !important;background-color: #7a7a7a !important;}&#8221;][vc_images_carousel images=&#8221;3606,3608,1561,1571,1594,3212,2733,1565,1592,1593,1584,1588,1589,1567,1560,1559,1574,1573,1576,1583,1586,1562,1569,1577,1578,1582,1563,1590,1564,1568,1591,1580,1596,1595&#8243; img_size=&#8221;medium&#8221; speed=&#8221;2500&#8243; slides_per_view=&#8221;5&#8243; autoplay=&#8221;yes&#8221; hide_pagination_control=&#8221;yes&#8221; wrap=&#8221;yes&#8221;][\/vc_column][\/vc_row]<\/p>\n<\/div>","protected":false},"excerpt":{"rendered":"<p>[vc_row css=&#8221;.vc_custom_1594152093128{margin-top: 0px !important;margin-bottom: 0px !important;}&#8221;][vc_column][vc_row_inner css=&#8221;.vc_custom_1593567703664{margin-top: 0px !important;margin-right: 0px !important;margin-bottom: 0px !important;margin-left: 0px !important;background-image: url(https:\/\/cecit.es\/wp-content\/uploads\/2020\/07\/logo_ban.png?id=1813) !important;background-position: center !important;background-repeat: no-repeat !important;background-size: contain !important;}&#8221;][vc_column_inner][vc_column_text] Jeudi 2 d\u00e9cembre<span class=\"excerpt-hellip\"> [\u2026]<\/span><\/p>\n","protected":false},"author":3425,"featured_media":1776,"menu_order":0,"comment_status":"closed","ping_status":"closed","template":"","meta":[],"portfolio-types":[37],"class_list":["post-14212","portfolio","type-portfolio","status-publish","has-post-thumbnail","hentry","portfolio-types-newsletter-es"],"yoast_head":"<!-- This site is optimized with the Yoast SEO plugin v26.2 - https:\/\/yoast.com\/wordpress\/plugins\/seo\/ -->\n<title>Newsletter N\u00b0155 - CECIT<\/title>\n<meta name=\"robots\" content=\"index, follow, max-snippet:-1, max-image-preview:large, max-video-preview:-1\" \/>\n<link rel=\"canonical\" href=\"https:\/\/cecit.es\/fr\/newsletters-item\/newsletter-n155-fr\/\" \/>\n<meta property=\"og:locale\" content=\"fr_FR\" \/>\n<meta property=\"og:type\" content=\"article\" \/>\n<meta property=\"og:title\" content=\"Newsletter N\u00b0155 - CECIT\" \/>\n<meta property=\"og:description\" content=\"[vc_row css=&#8221;.vc_custom_1594152093128{margin-top: 0px !important;margin-bottom: 0px !important;}&#8221;][vc_column][vc_row_inner css=&#8221;.vc_custom_1593567703664{margin-top: 0px !important;margin-right: 0px !important;margin-bottom: 0px !important;margin-left: 0px !important;background-image: url(https:\/\/cecit.es\/wp-content\/uploads\/2020\/07\/logo_ban.png?id=1813) !important;background-position: center !important;background-repeat: no-repeat !important;background-size: contain !important;}&#8221;][vc_column_inner][vc_column_text] Jeudi 2 d\u00e9cembre [\u2026]\" \/>\n<meta property=\"og:url\" content=\"https:\/\/cecit.es\/fr\/newsletters-item\/newsletter-n155-fr\/\" \/>\n<meta property=\"og:site_name\" content=\"CECIT\" \/>\n<meta property=\"article:publisher\" content=\"https:\/\/www.facebook.com\/camaratanger\/\" \/>\n<meta property=\"article:modified_time\" content=\"2021-12-03T11:32:28+00:00\" \/>\n<meta property=\"og:image\" content=\"https:\/\/cecit.es\/wp-content\/uploads\/2020\/06\/header_newsletter.jpg\" \/>\n\t<meta property=\"og:image:width\" content=\"1200\" \/>\n\t<meta property=\"og:image:height\" content=\"430\" \/>\n\t<meta property=\"og:image:type\" content=\"image\/jpeg\" \/>\n<meta name=\"twitter:card\" content=\"summary_large_image\" \/>\n<meta name=\"twitter:label1\" content=\"Dur\u00e9e de lecture estim\u00e9e\" \/>\n\t<meta name=\"twitter:data1\" content=\"10 minutes\" \/>\n<script type=\"application\/ld+json\" class=\"yoast-schema-graph\">{\"@context\":\"https:\/\/schema.org\",\"@graph\":[{\"@type\":\"WebPage\",\"@id\":\"https:\/\/cecit.es\/fr\/newsletters-item\/newsletter-n155-fr\/\",\"url\":\"https:\/\/cecit.es\/fr\/newsletters-item\/newsletter-n155-fr\/\",\"name\":\"Newsletter N\u00b0155 - CECIT\",\"isPartOf\":{\"@id\":\"https:\/\/cecit.es\/fr\/#website\"},\"primaryImageOfPage\":{\"@id\":\"https:\/\/cecit.es\/fr\/newsletters-item\/newsletter-n155-fr\/#primaryimage\"},\"image\":{\"@id\":\"https:\/\/cecit.es\/fr\/newsletters-item\/newsletter-n155-fr\/#primaryimage\"},\"thumbnailUrl\":\"https:\/\/cecit.es\/wp-content\/uploads\/2020\/06\/header_newsletter.jpg\",\"datePublished\":\"2021-12-03T09:18:46+00:00\",\"dateModified\":\"2021-12-03T11:32:28+00:00\",\"breadcrumb\":{\"@id\":\"https:\/\/cecit.es\/fr\/newsletters-item\/newsletter-n155-fr\/#breadcrumb\"},\"inLanguage\":\"fr-FR\",\"potentialAction\":[{\"@type\":\"ReadAction\",\"target\":[\"https:\/\/cecit.es\/fr\/newsletters-item\/newsletter-n155-fr\/\"]}]},{\"@type\":\"ImageObject\",\"inLanguage\":\"fr-FR\",\"@id\":\"https:\/\/cecit.es\/fr\/newsletters-item\/newsletter-n155-fr\/#primaryimage\",\"url\":\"https:\/\/cecit.es\/wp-content\/uploads\/2020\/06\/header_newsletter.jpg\",\"contentUrl\":\"https:\/\/cecit.es\/wp-content\/uploads\/2020\/06\/header_newsletter.jpg\",\"width\":1200,\"height\":430},{\"@type\":\"BreadcrumbList\",\"@id\":\"https:\/\/cecit.es\/fr\/newsletters-item\/newsletter-n155-fr\/#breadcrumb\",\"itemListElement\":[{\"@type\":\"ListItem\",\"position\":1,\"name\":\"Portada\",\"item\":\"https:\/\/cecit.es\/fr\/\"},{\"@type\":\"ListItem\",\"position\":2,\"name\":\"Newsletter N\u00b0155\"}]},{\"@type\":\"WebSite\",\"@id\":\"https:\/\/cecit.es\/fr\/#website\",\"url\":\"https:\/\/cecit.es\/fr\/\",\"name\":\"CECIT\",\"description\":\"Chambre de commerce officielle d&#039;Espagne \u00e0 Tanger\",\"publisher\":{\"@id\":\"https:\/\/cecit.es\/fr\/#organization\"},\"potentialAction\":[{\"@type\":\"SearchAction\",\"target\":{\"@type\":\"EntryPoint\",\"urlTemplate\":\"https:\/\/cecit.es\/fr\/?s={search_term_string}\"},\"query-input\":{\"@type\":\"PropertyValueSpecification\",\"valueRequired\":true,\"valueName\":\"search_term_string\"}}],\"inLanguage\":\"fr-FR\"},{\"@type\":\"Organization\",\"@id\":\"https:\/\/cecit.es\/fr\/#organization\",\"name\":\"C\u00e1mara Oficial de Comercio de Espa\u00f1a en T\u00e1nger\",\"url\":\"https:\/\/cecit.es\/fr\/\",\"logo\":{\"@type\":\"ImageObject\",\"inLanguage\":\"fr-FR\",\"@id\":\"https:\/\/cecit.es\/fr\/#\/schema\/logo\/image\/\",\"url\":\"https:\/\/cecit.es\/wp-content\/uploads\/2021\/11\/cecit.png\",\"contentUrl\":\"https:\/\/cecit.es\/wp-content\/uploads\/2021\/11\/cecit.png\",\"width\":800,\"height\":493,\"caption\":\"C\u00e1mara Oficial de Comercio de Espa\u00f1a en T\u00e1nger\"},\"image\":{\"@id\":\"https:\/\/cecit.es\/fr\/#\/schema\/logo\/image\/\"},\"sameAs\":[\"https:\/\/www.facebook.com\/camaratanger\/\"]}]}<\/script>\n<!-- \/ Yoast SEO plugin. -->","yoast_head_json":{"title":"Newsletter N\u00b0155 - CECIT","robots":{"index":"index","follow":"follow","max-snippet":"max-snippet:-1","max-image-preview":"max-image-preview:large","max-video-preview":"max-video-preview:-1"},"canonical":"https:\/\/cecit.es\/fr\/newsletters-item\/newsletter-n155-fr\/","og_locale":"fr_FR","og_type":"article","og_title":"Newsletter N\u00b0155 - CECIT","og_description":"[vc_row css=&#8221;.vc_custom_1594152093128{margin-top: 0px !important;margin-bottom: 0px !important;}&#8221;][vc_column][vc_row_inner css=&#8221;.vc_custom_1593567703664{margin-top: 0px !important;margin-right: 0px !important;margin-bottom: 0px !important;margin-left: 0px !important;background-image: url(https:\/\/cecit.es\/wp-content\/uploads\/2020\/07\/logo_ban.png?id=1813) !important;background-position: center !important;background-repeat: no-repeat !important;background-size: contain !important;}&#8221;][vc_column_inner][vc_column_text] Jeudi 2 d\u00e9cembre [\u2026]","og_url":"https:\/\/cecit.es\/fr\/newsletters-item\/newsletter-n155-fr\/","og_site_name":"CECIT","article_publisher":"https:\/\/www.facebook.com\/camaratanger\/","article_modified_time":"2021-12-03T11:32:28+00:00","og_image":[{"width":1200,"height":430,"url":"https:\/\/cecit.es\/wp-content\/uploads\/2020\/06\/header_newsletter.jpg","type":"image\/jpeg"}],"twitter_card":"summary_large_image","twitter_misc":{"Dur\u00e9e de lecture estim\u00e9e":"10 minutes"},"schema":{"@context":"https:\/\/schema.org","@graph":[{"@type":"WebPage","@id":"https:\/\/cecit.es\/fr\/newsletters-item\/newsletter-n155-fr\/","url":"https:\/\/cecit.es\/fr\/newsletters-item\/newsletter-n155-fr\/","name":"Newsletter N\u00b0155 - CECIT","isPartOf":{"@id":"https:\/\/cecit.es\/fr\/#website"},"primaryImageOfPage":{"@id":"https:\/\/cecit.es\/fr\/newsletters-item\/newsletter-n155-fr\/#primaryimage"},"image":{"@id":"https:\/\/cecit.es\/fr\/newsletters-item\/newsletter-n155-fr\/#primaryimage"},"thumbnailUrl":"https:\/\/cecit.es\/wp-content\/uploads\/2020\/06\/header_newsletter.jpg","datePublished":"2021-12-03T09:18:46+00:00","dateModified":"2021-12-03T11:32:28+00:00","breadcrumb":{"@id":"https:\/\/cecit.es\/fr\/newsletters-item\/newsletter-n155-fr\/#breadcrumb"},"inLanguage":"fr-FR","potentialAction":[{"@type":"ReadAction","target":["https:\/\/cecit.es\/fr\/newsletters-item\/newsletter-n155-fr\/"]}]},{"@type":"ImageObject","inLanguage":"fr-FR","@id":"https:\/\/cecit.es\/fr\/newsletters-item\/newsletter-n155-fr\/#primaryimage","url":"https:\/\/cecit.es\/wp-content\/uploads\/2020\/06\/header_newsletter.jpg","contentUrl":"https:\/\/cecit.es\/wp-content\/uploads\/2020\/06\/header_newsletter.jpg","width":1200,"height":430},{"@type":"BreadcrumbList","@id":"https:\/\/cecit.es\/fr\/newsletters-item\/newsletter-n155-fr\/#breadcrumb","itemListElement":[{"@type":"ListItem","position":1,"name":"Portada","item":"https:\/\/cecit.es\/fr\/"},{"@type":"ListItem","position":2,"name":"Newsletter N\u00b0155"}]},{"@type":"WebSite","@id":"https:\/\/cecit.es\/fr\/#website","url":"https:\/\/cecit.es\/fr\/","name":"CECIT","description":"Chambre de commerce officielle d&#039;Espagne \u00e0 Tanger","publisher":{"@id":"https:\/\/cecit.es\/fr\/#organization"},"potentialAction":[{"@type":"SearchAction","target":{"@type":"EntryPoint","urlTemplate":"https:\/\/cecit.es\/fr\/?s={search_term_string}"},"query-input":{"@type":"PropertyValueSpecification","valueRequired":true,"valueName":"search_term_string"}}],"inLanguage":"fr-FR"},{"@type":"Organization","@id":"https:\/\/cecit.es\/fr\/#organization","name":"C\u00e1mara Oficial de Comercio de Espa\u00f1a en T\u00e1nger","url":"https:\/\/cecit.es\/fr\/","logo":{"@type":"ImageObject","inLanguage":"fr-FR","@id":"https:\/\/cecit.es\/fr\/#\/schema\/logo\/image\/","url":"https:\/\/cecit.es\/wp-content\/uploads\/2021\/11\/cecit.png","contentUrl":"https:\/\/cecit.es\/wp-content\/uploads\/2021\/11\/cecit.png","width":800,"height":493,"caption":"C\u00e1mara Oficial de Comercio de Espa\u00f1a en T\u00e1nger"},"image":{"@id":"https:\/\/cecit.es\/fr\/#\/schema\/logo\/image\/"},"sameAs":["https:\/\/www.facebook.com\/camaratanger\/"]}]}},"_links":{"self":[{"href":"https:\/\/cecit.es\/fr\/wp-json\/wp\/v2\/portfolio\/14212","targetHints":{"allow":["GET"]}}],"collection":[{"href":"https:\/\/cecit.es\/fr\/wp-json\/wp\/v2\/portfolio"}],"about":[{"href":"https:\/\/cecit.es\/fr\/wp-json\/wp\/v2\/types\/portfolio"}],"author":[{"embeddable":true,"href":"https:\/\/cecit.es\/fr\/wp-json\/wp\/v2\/users\/3425"}],"replies":[{"embeddable":true,"href":"https:\/\/cecit.es\/fr\/wp-json\/wp\/v2\/comments?post=14212"}],"wp:featuredmedia":[{"embeddable":true,"href":"https:\/\/cecit.es\/fr\/wp-json\/wp\/v2\/media\/1776"}],"wp:attachment":[{"href":"https:\/\/cecit.es\/fr\/wp-json\/wp\/v2\/media?parent=14212"}],"wp:term":[{"taxonomy":"portfolio-types","embeddable":true,"href":"https:\/\/cecit.es\/fr\/wp-json\/wp\/v2\/portfolio-types?post=14212"}],"curies":[{"name":"wp","href":"https:\/\/api.w.org\/{rel}","templated":true}]}}