{"id":15160,"date":"2022-02-02T12:00:40","date_gmt":"2022-02-02T11:00:40","guid":{"rendered":"https:\/\/cecit.es\/?page_id=15160"},"modified":"2023-09-23T12:16:32","modified_gmt":"2023-09-23T11:16:32","slug":"prochaines-activites","status":"publish","type":"page","link":"https:\/\/cecit.es\/fr\/prochaines-activites\/","title":{"rendered":"Prochaines activit\u00e9s"},"content":{"rendered":"<div class=\"wpb-content-wrapper\"><p>[vc_row disable_element=&#8221;yes&#8221;][vc_column][vc_basic_grid post_type=&#8221;post&#8221; max_items=&#8221;-1&#8243; style=&#8221;pagination&#8221; items_per_page=&#8221;12&#8243; show_filter=&#8221;yes&#8221; element_width=&#8221;3&#8243; filter_style=&#8221;bordered-rounded&#8221; filter_default_title=&#8221;Todos&#8221; arrows_design=&#8221;vc_arrow-icon-arrow_01_left&#8221; paging_design=&#8221;pagination_rounded&#8221; paging_color=&#8221;black&#8221; item=&#8221;basicGrid_SlideBottomWithIcon&#8221; grid_id=&#8221;vc_gid:1643798957311-781a56cd-08fb-6&#8243; filter_source=&#8221;category&#8221; css=&#8221;.vc_custom_1605026331803{margin-top: 40px !important;}&#8221;][\/vc_column][\/vc_row][vc_row css=&#8221;.vc_custom_1616112221250{margin-top: 40px !important;}&#8221;][vc_column][vc_column_text]<div class=\"pt-cv-wrapper\"><ol class=\"breadcrumb pt-cv-filter-bar pt-cv-center\" id=\"pt-cv-filter-bar-ec9c519326-category\"><li class=\"\"><a href=\"#\" class=\"pt-cv-filter-option\" data-value=\"category-638\" data-sftype=\"breadcrumb\">Prochaines activit\u00e9s<\/a><\/li><\/ol><div class=\"pt-cv-view pt-cv-grid pt-cv-colsys pt-cv-pgloadmore pt-cv-left pt-cv-sf\" id=\"pt-cv-view-ec9c519326\"><div data-id=\"pt-cv-page-1\" class=\"pt-cv-page\" data-cvc=\"1\" data-sfpp=\"6\" data-sftp=\"1\" data-sfop=\"and\" data-cvct=\"1\" data-cvcm=\"1\"><div class=\"col-md-12 col-sm-12 col-xs-12 pt-cv-content-item pt-cv-2-col\" data-groups=\"category-638\" data-pid=\"24413\"><div class='pt-cv-ifield'><a href=\"https:\/\/cecit.es\/fr\/organisation-de-la-xi%e1%b5%89-rencontre-hispano-marocaine-de-lindustrie-automobile-22-23-avril-2026\/\" class=\"_self pt-cv-href-thumbnail pt-cv-thumb-left cvplbd\" target=\"_self\" ><img loading=\"lazy\" decoding=\"async\" width=\"1024\" height=\"768\" src=\"https:\/\/cecit.es\/wp-content\/uploads\/2026\/02\/def-convocatoria-1.jpg\" class=\"pt-cv-thumbnail img-none pull-left skip-lazy \" alt=\"Organisation de la XI\u1d49 Rencontre Hispano-Marocaine de l\u2019Industrie Automobile \u2013 22\u201323 avril 2026\" \/><\/a>\n<h4 class=\"pt-cv-title\"><a href=\"https:\/\/cecit.es\/fr\/organisation-de-la-xi%e1%b5%89-rencontre-hispano-marocaine-de-lindustrie-automobile-22-23-avril-2026\/\" class=\"_self cvplbd\" target=\"_self\" >Organisation de la XI\u1d49 Rencontre Hispano-Marocaine de l\u2019Industrie Automobile \u2013 22\u201323 avril 2026<\/a><\/h4>\n<div class=\"pt-cv-content\">Dans un contexte de profonde transformation du secteur automobile, marqu\u00e9 par la r\u00e9organisation des cha\u00eenes de valeur, la transition industrielle et la recherche de partenariats strat\u00e9giques durables,\u00a0<strong>la Chambre Officielle de ...<br \/><div class=\"pt-cv-rmwrap\"><a href=\"https:\/\/cecit.es\/fr\/organisation-de-la-xi%e1%b5%89-rencontre-hispano-marocaine-de-lindustrie-automobile-22-23-avril-2026\/\" class=\"_self pt-cv-readmore btn btn-success cvplbd\" target=\"_self\">Leer M\u00e1s<\/a><\/div><\/strong><\/div>\n<div class=\"pt-cv-meta-fields\"><span class=\"entry-date\"> <time datetime=\"2026-02-26T23:52:18+00:00\">26 f\u00e9vrier 2026<\/time><\/span><\/div>\n<div class=\"pt-cv-social-buttons\"><a href=\"https:\/\/www.facebook.com\/sharer\/sharer.php?u=https:\/\/cecit.es\/fr\/organisation-de-la-xi%e1%b5%89-rencontre-hispano-marocaine-de-lindustrie-automobile-22-23-avril-2026\/\" class=\"pt-cv-social-facebook\" target=\"_blank\"><\/a><a href=\"https:\/\/www.linkedin.com\/shareArticle?mini=true&#038;url=https:\/\/cecit.es\/fr\/organisation-de-la-xi%e1%b5%89-rencontre-hispano-marocaine-de-lindustrie-automobile-22-23-avril-2026\/&#038;title=Organisation+de+la+XI%E1%B5%89+Rencontre+Hispano-Marocaine+de+l%E2%80%99Industrie+Automobile+%E2%80%93+22%E2%80%9323+avril+2026&#038;summary=&#038;source=\" class=\"pt-cv-social-linkedin\" target=\"_blank\"><\/a><\/div><\/div><\/div>\n<div class=\"col-md-12 col-sm-12 col-xs-12 pt-cv-content-item pt-cv-2-col\" data-groups=\"category-638\" data-pid=\"24351\"><div class='pt-cv-ifield'><a href=\"https:\/\/cecit.es\/fr\/%f0%9f%93%a3-dernieres-places-disponibles-petit-dejeuner-debat-capital-humain-ia-12-fevrier\/\" class=\"_self pt-cv-href-thumbnail pt-cv-thumb-left cvplbd\" target=\"_self\" ><img loading=\"lazy\" decoding=\"async\" width=\"1280\" height=\"720\" src=\"https:\/\/cecit.es\/wp-content\/uploads\/2026\/02\/dark-blue-futuristic-how-artificial-intelligence-youtube-thumbnail.png\" class=\"pt-cv-thumbnail img-none pull-left skip-lazy \" alt=\"\ud83d\udce3 Derni\u00e8res places disponibles | Petit-d\u00e9jeuner d\u00e9bat Capital humain &amp; IA \u2013 12 f\u00e9vrier\" \/><\/a>\n<h4 class=\"pt-cv-title\"><a href=\"https:\/\/cecit.es\/fr\/%f0%9f%93%a3-dernieres-places-disponibles-petit-dejeuner-debat-capital-humain-ia-12-fevrier\/\" class=\"_self cvplbd\" target=\"_self\" >\ud83d\udce3 Derni\u00e8res places disponibles | Petit-d\u00e9jeuner d\u00e9bat Capital humain &#038; IA \u2013 12 f\u00e9vrier<\/a><\/h4>\n<div class=\"pt-cv-content\"><strong>Derni\u00e8res places pour participer au petit-d\u00e9jeuner d\u00e9bat.<\/strong> Un rendez-vous d\u2019\u00e9change et de r\u00e9flexion, organis\u00e9 en collaboration avec\u00a0<strong>Excellence Training &amp; Advisory Center (ETAC)<\/strong>, autour de la th\u00e9matique : \ud83c\udfaf\u00a0<strong>CAPITAL HUMAIN &amp; ...<br \/><div class=\"pt-cv-rmwrap\"><a href=\"https:\/\/cecit.es\/fr\/%f0%9f%93%a3-dernieres-places-disponibles-petit-dejeuner-debat-capital-humain-ia-12-fevrier\/\" class=\"_self pt-cv-readmore btn btn-success cvplbd\" target=\"_self\">Leer M\u00e1s<\/a><\/div><\/strong><\/div>\n<div class=\"pt-cv-meta-fields\"><span class=\"entry-date\"> <time datetime=\"2026-02-06T03:05:00+01:00\">6 f\u00e9vrier 2026<\/time><\/span><\/div>\n<div class=\"pt-cv-social-buttons\"><a href=\"https:\/\/www.facebook.com\/sharer\/sharer.php?u=https:\/\/cecit.es\/fr\/%f0%9f%93%a3-dernieres-places-disponibles-petit-dejeuner-debat-capital-humain-ia-12-fevrier\/\" class=\"pt-cv-social-facebook\" target=\"_blank\"><\/a><a href=\"https:\/\/www.linkedin.com\/shareArticle?mini=true&#038;url=https:\/\/cecit.es\/fr\/%f0%9f%93%a3-dernieres-places-disponibles-petit-dejeuner-debat-capital-humain-ia-12-fevrier\/&#038;title=%F0%9F%93%A3+Derni%C3%A8res+places+disponibles+%7C+Petit-d%C3%A9jeuner+d%C3%A9bat+Capital+humain+%26%23038%3B+IA+%E2%80%93+12+f%C3%A9vrier&#038;summary=&#038;source=\" class=\"pt-cv-social-linkedin\" target=\"_blank\"><\/a><\/div><\/div><\/div>\n<div class=\"col-md-12 col-sm-12 col-xs-12 pt-cv-content-item pt-cv-2-col\" data-groups=\"category-638\" data-pid=\"24303\"><div class='pt-cv-ifield'><a href=\"https:\/\/cecit.es\/fr\/save-the-date-formation-rh-les-politiques-degalite-et-la-prevention-du-harcelement-au-travail-5-6-fevrier\/\" class=\"_self pt-cv-href-thumbnail pt-cv-thumb-left cvplbd\" target=\"_self\" ><img loading=\"lazy\" decoding=\"async\" width=\"1200\" height=\"1200\" src=\"https:\/\/cecit.es\/wp-content\/uploads\/2026\/01\/visuel-2.png\" class=\"pt-cv-thumbnail img-none pull-left skip-lazy \" alt=\"Save the Date \u2013 Formation RH : Les politiques d\u2019\u00e9galit\u00e9 et la pr\u00e9vention du harc\u00e8lement au travail | 5 &amp; 6 f\u00e9vrier\" \/><\/a>\n<h4 class=\"pt-cv-title\"><a href=\"https:\/\/cecit.es\/fr\/save-the-date-formation-rh-les-politiques-degalite-et-la-prevention-du-harcelement-au-travail-5-6-fevrier\/\" class=\"_self cvplbd\" target=\"_self\" >Save the Date \u2013 Formation RH : Les politiques d\u2019\u00e9galit\u00e9 et la pr\u00e9vention du harc\u00e8lement au travail | 5 &#038; 6 f\u00e9vrier<\/a><\/h4>\n<div class=\"pt-cv-content\">Dans le cadre de son engagement en faveur de la promotion d\u2019environnements de travail s\u00fbrs, respectueux et \u00e9quitables,\u00a0<strong>AIDA Maroc (Aide, \u00c9change et D\u00e9veloppement)<\/strong>, avec le soutien financier de l\u2019<strong>AECID (Agence ...<br \/><div class=\"pt-cv-rmwrap\"><a href=\"https:\/\/cecit.es\/fr\/save-the-date-formation-rh-les-politiques-degalite-et-la-prevention-du-harcelement-au-travail-5-6-fevrier\/\" class=\"_self pt-cv-readmore btn btn-success cvplbd\" target=\"_self\">Leer M\u00e1s<\/a><\/div><\/strong><\/div>\n<div class=\"pt-cv-meta-fields\"><span class=\"entry-date\"> <time datetime=\"2026-01-29T09:55:17+01:00\">29 janvier 2026<\/time><\/span><\/div>\n<div class=\"pt-cv-social-buttons\"><a href=\"https:\/\/www.facebook.com\/sharer\/sharer.php?u=https:\/\/cecit.es\/fr\/save-the-date-formation-rh-les-politiques-degalite-et-la-prevention-du-harcelement-au-travail-5-6-fevrier\/\" class=\"pt-cv-social-facebook\" target=\"_blank\"><\/a><a href=\"https:\/\/www.linkedin.com\/shareArticle?mini=true&#038;url=https:\/\/cecit.es\/fr\/save-the-date-formation-rh-les-politiques-degalite-et-la-prevention-du-harcelement-au-travail-5-6-fevrier\/&#038;title=Save+the+Date+%E2%80%93+Formation+RH+%3A+Les+politiques+d%E2%80%99%C3%A9galit%C3%A9+et+la+pr%C3%A9vention+du+harc%C3%A8lement+au+travail+%7C+5+%26%23038%3B+6+f%C3%A9vrier&#038;summary=&#038;source=\" class=\"pt-cv-social-linkedin\" target=\"_blank\"><\/a><\/div><\/div><\/div>\n<div class=\"col-md-12 col-sm-12 col-xs-12 pt-cv-content-item pt-cv-2-col\" data-groups=\"category-638\" data-pid=\"24172\"><div class='pt-cv-ifield'><a href=\"https:\/\/cecit.es\/fr\/j-7-avant-les-matinees-de-lindustrie-maroc-espagne-4-decembre-2025\/\" class=\"_self pt-cv-href-thumbnail pt-cv-thumb-left cvplbd\" target=\"_self\" ><img loading=\"lazy\" decoding=\"async\" width=\"800\" height=\"800\" src=\"https:\/\/cecit.es\/wp-content\/uploads\/2025\/11\/j-7.jpg\" class=\"pt-cv-thumbnail img-none pull-left skip-lazy \" alt=\"J-7 avant Les Matin\u00e9es de l\u2019Industrie Maroc\u2013Espagne ! 4 d\u00e9cembre 2025\" \/><\/a>\n<h4 class=\"pt-cv-title\"><a href=\"https:\/\/cecit.es\/fr\/j-7-avant-les-matinees-de-lindustrie-maroc-espagne-4-decembre-2025\/\" class=\"_self cvplbd\" target=\"_self\" >J-7 avant Les Matin\u00e9es de l\u2019Industrie Maroc\u2013Espagne ! 4 d\u00e9cembre 2025<\/a><\/h4>\n<div class=\"pt-cv-content\">Un \u00e9v\u00e9nement\u00a0<strong>organis\u00e9 par Industrie du Maroc Magazine en partenariat avec la C\u00e1mara Oficial de Comercio de Espa\u00f1a en Marruecos \u2013 T\u00e1nger, Nador, K\u00e9nitra.<\/strong> Le 4 d\u00e9cembre, entreprises et institutions des ...<br \/><div class=\"pt-cv-rmwrap\"><a href=\"https:\/\/cecit.es\/fr\/j-7-avant-les-matinees-de-lindustrie-maroc-espagne-4-decembre-2025\/\" class=\"_self pt-cv-readmore btn btn-success cvplbd\" target=\"_self\">Leer M\u00e1s<\/a><\/div><\/div>\n<div class=\"pt-cv-meta-fields\"><span class=\"entry-date\"> <time datetime=\"2025-11-28T12:43:09+01:00\">28 novembre 2025<\/time><\/span><\/div>\n<div class=\"pt-cv-social-buttons\"><a href=\"https:\/\/www.facebook.com\/sharer\/sharer.php?u=https:\/\/cecit.es\/fr\/j-7-avant-les-matinees-de-lindustrie-maroc-espagne-4-decembre-2025\/\" class=\"pt-cv-social-facebook\" target=\"_blank\"><\/a><a href=\"https:\/\/www.linkedin.com\/shareArticle?mini=true&#038;url=https:\/\/cecit.es\/fr\/j-7-avant-les-matinees-de-lindustrie-maroc-espagne-4-decembre-2025\/&#038;title=J-7+avant+Les+Matin%C3%A9es+de+l%E2%80%99Industrie+Maroc%E2%80%93Espagne+%21+4+d%C3%A9cembre+2025&#038;summary=&#038;source=\" class=\"pt-cv-social-linkedin\" target=\"_blank\"><\/a><\/div><\/div><\/div><\/div><\/div><\/div>\t\t\t<style type=\"text\/css\" id=\"pt-cv-inline-style-991d2f29am\">#pt-cv-filter-bar-ec9c519326-category { margin-bottom: 60px !important; }\n#pt-cv-view-ec9c519326 .pt-cv-content-item { padding-bottom: 60px !important; }\n#pt-cv-view-ec9c519326  { margin-bottom: 20px !important; }\n#pt-cv-view-ec9c519326 .pt-cv-title a, #pt-cv-view-ec9c519326  .panel-title { font-weight: 600 !important; }\n#pt-cv-view-ec9c519326 .pt-cv-readmore  { color: #ffffff !important; background-color: #c31038 !important; }\n#pt-cv-view-ec9c519326 .pt-cv-readmore:hover  { color: #ffffff !important; background-color: #a00116 !important; }\n#pt-cv-view-ec9c519326  + .pt-cv-pagination-wrapper .pt-cv-more , #pt-cv-view-ec9c519326  + .pt-cv-pagination-wrapper .pagination .active a, .pt-cv-pagination[data-sid='ec9c519326'] .active a { color: #ffffff !important; background-color: #c31038 !important; }\n.cvp-live-filter[data-sid='ec9c519326'] input[type='text'], .cvp-live-filter[data-sid='ec9c519326'] div > label, .cvp-live-filter[data-sid='ec9c519326'] select, .cvp-live-filter[data-sid='ec9c519326'] .irs-from, .cvp-live-filter[data-sid='ec9c519326'] .irs-to   { color: #ffffff !important; background-color: #c31038 !important; display: block !important; text-align: center !important; clear: both !important; }\n.cvp-live-filter[data-sid='ec9c519326'] input[type=radio]:checked~div   { color: #000000 !important; background-color: #ffde3a !important; }\n.cvp-live-filter[data-sid='ec9c519326'] + .cvp-live-button .cvp-live-submit   { color: #ffffff !important; }\n[id^='pt-cv-filter-bar-ec9c519326'] .pt-cv-filter-option, [id^='pt-cv-filter-bar-ec9c519326'] .dropdown-menu   { font-size: 16px !important; line-height: 1.3 !important; color: #c31038 !important; text-align: center !important; clear: both !important; }\n[id^='pt-cv-filter-bar-ec9c519326'] .active.pt-cv-filter-option, [id^='pt-cv-filter-bar-ec9c519326'] .active .pt-cv-filter-option, [id^='pt-cv-filter-bar-ec9c519326'] .selected.pt-cv-filter-option, [id^='pt-cv-filter-bar-ec9c519326'] .dropdown-toggle   { color: #ffffff !important; background-color: #c31038 !important; font-weight: 600 !important; text-align: center !important; clear: both !important; }\n#pt-cv-view-ec9c519326 { text-align: left; }<\/style>\r\n\t\t\t[\/vc_column_text][\/vc_column][\/vc_row]<\/p>\n<\/div>","protected":false},"excerpt":{"rendered":"<p>[vc_row disable_element=&#8221;yes&#8221;][vc_column][vc_basic_grid post_type=&#8221;post&#8221; max_items=&#8221;-1&#8243; style=&#8221;pagination&#8221; items_per_page=&#8221;12&#8243; show_filter=&#8221;yes&#8221; element_width=&#8221;3&#8243; filter_style=&#8221;bordered-rounded&#8221; filter_default_title=&#8221;Todos&#8221; arrows_design=&#8221;vc_arrow-icon-arrow_01_left&#8221; paging_design=&#8221;pagination_rounded&#8221; paging_color=&#8221;black&#8221; item=&#8221;basicGrid_SlideBottomWithIcon&#8221; grid_id=&#8221;vc_gid:1643798957311-781a56cd-08fb-6&#8243; filter_source=&#8221;category&#8221; css=&#8221;.vc_custom_1605026331803{margin-top: 40px !important;}&#8221;][\/vc_column][\/vc_row][vc_row css=&#8221;.vc_custom_1616112221250{margin-top: 40px !important;}&#8221;][vc_column][vc_column_text][\/vc_column_text][\/vc_column][\/vc_row]<\/p>\n","protected":false},"author":3425,"featured_media":0,"parent":0,"menu_order":0,"comment_status":"closed","ping_status":"closed","template":"","meta":{"footnotes":""},"class_list":["post-15160","page","type-page","status-publish","hentry"],"yoast_head":"<!-- This site is optimized with the Yoast SEO plugin v26.2 - https:\/\/yoast.com\/wordpress\/plugins\/seo\/ -->\n<title>Prochaines activit\u00e9s - CECIT<\/title>\n<meta name=\"robots\" content=\"index, follow, max-snippet:-1, max-image-preview:large, max-video-preview:-1\" \/>\n<link rel=\"canonical\" href=\"https:\/\/cecit.es\/fr\/prochaines-activites\/\" \/>\n<meta property=\"og:locale\" content=\"fr_FR\" \/>\n<meta property=\"og:type\" content=\"article\" \/>\n<meta property=\"og:title\" content=\"Prochaines activit\u00e9s - CECIT\" \/>\n<meta property=\"og:description\" content=\"[vc_row disable_element=&#8221;yes&#8221;][vc_column][vc_basic_grid post_type=&#8221;post&#8221; max_items=&#8221;-1&#8243; style=&#8221;pagination&#8221; items_per_page=&#8221;12&#8243; show_filter=&#8221;yes&#8221; element_width=&#8221;3&#8243; filter_style=&#8221;bordered-rounded&#8221; filter_default_title=&#8221;Todos&#8221; arrows_design=&#8221;vc_arrow-icon-arrow_01_left&#8221; paging_design=&#8221;pagination_rounded&#8221; paging_color=&#8221;black&#8221; item=&#8221;basicGrid_SlideBottomWithIcon&#8221; grid_id=&#8221;vc_gid:1643798957311-781a56cd-08fb-6&#8243; filter_source=&#8221;category&#8221; css=&#8221;.vc_custom_1605026331803{margin-top: 40px !important;}&#8221;][\/vc_column][\/vc_row][vc_row css=&#8221;.vc_custom_1616112221250{margin-top: 40px !important;}&#8221;][vc_column][vc_column_text][\/vc_column_text][\/vc_column][\/vc_row]\" \/>\n<meta property=\"og:url\" content=\"https:\/\/cecit.es\/fr\/prochaines-activites\/\" \/>\n<meta property=\"og:site_name\" content=\"CECIT\" \/>\n<meta property=\"article:publisher\" content=\"https:\/\/www.facebook.com\/camaratanger\/\" \/>\n<meta property=\"article:modified_time\" content=\"2023-09-23T11:16:32+00:00\" \/>\n<meta name=\"twitter:card\" content=\"summary_large_image\" \/>\n<meta name=\"twitter:label1\" content=\"Dur\u00e9e de lecture estim\u00e9e\" \/>\n\t<meta name=\"twitter:data1\" content=\"1 minute\" \/>\n<script type=\"application\/ld+json\" class=\"yoast-schema-graph\">{\"@context\":\"https:\/\/schema.org\",\"@graph\":[{\"@type\":\"WebPage\",\"@id\":\"https:\/\/cecit.es\/fr\/prochaines-activites\/\",\"url\":\"https:\/\/cecit.es\/fr\/prochaines-activites\/\",\"name\":\"Prochaines activit\u00e9s - CECIT\",\"isPartOf\":{\"@id\":\"https:\/\/cecit.es\/fr\/#website\"},\"datePublished\":\"2022-02-02T11:00:40+00:00\",\"dateModified\":\"2023-09-23T11:16:32+00:00\",\"breadcrumb\":{\"@id\":\"https:\/\/cecit.es\/fr\/prochaines-activites\/#breadcrumb\"},\"inLanguage\":\"fr-FR\",\"potentialAction\":[{\"@type\":\"ReadAction\",\"target\":[\"https:\/\/cecit.es\/fr\/prochaines-activites\/\"]}]},{\"@type\":\"BreadcrumbList\",\"@id\":\"https:\/\/cecit.es\/fr\/prochaines-activites\/#breadcrumb\",\"itemListElement\":[{\"@type\":\"ListItem\",\"position\":1,\"name\":\"Portada\",\"item\":\"https:\/\/cecit.es\/fr\/\"},{\"@type\":\"ListItem\",\"position\":2,\"name\":\"Prochaines activit\u00e9s\"}]},{\"@type\":\"WebSite\",\"@id\":\"https:\/\/cecit.es\/fr\/#website\",\"url\":\"https:\/\/cecit.es\/fr\/\",\"name\":\"CECIT\",\"description\":\"Chambre de commerce officielle d&#039;Espagne \u00e0 Tanger\",\"publisher\":{\"@id\":\"https:\/\/cecit.es\/fr\/#organization\"},\"potentialAction\":[{\"@type\":\"SearchAction\",\"target\":{\"@type\":\"EntryPoint\",\"urlTemplate\":\"https:\/\/cecit.es\/fr\/?s={search_term_string}\"},\"query-input\":{\"@type\":\"PropertyValueSpecification\",\"valueRequired\":true,\"valueName\":\"search_term_string\"}}],\"inLanguage\":\"fr-FR\"},{\"@type\":\"Organization\",\"@id\":\"https:\/\/cecit.es\/fr\/#organization\",\"name\":\"C\u00e1mara Oficial de Comercio de Espa\u00f1a en T\u00e1nger\",\"url\":\"https:\/\/cecit.es\/fr\/\",\"logo\":{\"@type\":\"ImageObject\",\"inLanguage\":\"fr-FR\",\"@id\":\"https:\/\/cecit.es\/fr\/#\/schema\/logo\/image\/\",\"url\":\"https:\/\/cecit.es\/wp-content\/uploads\/2021\/11\/cecit.png\",\"contentUrl\":\"https:\/\/cecit.es\/wp-content\/uploads\/2021\/11\/cecit.png\",\"width\":800,\"height\":493,\"caption\":\"C\u00e1mara Oficial de Comercio de Espa\u00f1a en T\u00e1nger\"},\"image\":{\"@id\":\"https:\/\/cecit.es\/fr\/#\/schema\/logo\/image\/\"},\"sameAs\":[\"https:\/\/www.facebook.com\/camaratanger\/\"]}]}<\/script>\n<!-- \/ Yoast SEO plugin. -->","yoast_head_json":{"title":"Prochaines activit\u00e9s - CECIT","robots":{"index":"index","follow":"follow","max-snippet":"max-snippet:-1","max-image-preview":"max-image-preview:large","max-video-preview":"max-video-preview:-1"},"canonical":"https:\/\/cecit.es\/fr\/prochaines-activites\/","og_locale":"fr_FR","og_type":"article","og_title":"Prochaines activit\u00e9s - CECIT","og_description":"[vc_row disable_element=&#8221;yes&#8221;][vc_column][vc_basic_grid post_type=&#8221;post&#8221; max_items=&#8221;-1&#8243; style=&#8221;pagination&#8221; items_per_page=&#8221;12&#8243; show_filter=&#8221;yes&#8221; element_width=&#8221;3&#8243; filter_style=&#8221;bordered-rounded&#8221; filter_default_title=&#8221;Todos&#8221; arrows_design=&#8221;vc_arrow-icon-arrow_01_left&#8221; paging_design=&#8221;pagination_rounded&#8221; paging_color=&#8221;black&#8221; item=&#8221;basicGrid_SlideBottomWithIcon&#8221; grid_id=&#8221;vc_gid:1643798957311-781a56cd-08fb-6&#8243; filter_source=&#8221;category&#8221; css=&#8221;.vc_custom_1605026331803{margin-top: 40px !important;}&#8221;][\/vc_column][\/vc_row][vc_row css=&#8221;.vc_custom_1616112221250{margin-top: 40px !important;}&#8221;][vc_column][vc_column_text][\/vc_column_text][\/vc_column][\/vc_row]","og_url":"https:\/\/cecit.es\/fr\/prochaines-activites\/","og_site_name":"CECIT","article_publisher":"https:\/\/www.facebook.com\/camaratanger\/","article_modified_time":"2023-09-23T11:16:32+00:00","twitter_card":"summary_large_image","twitter_misc":{"Dur\u00e9e de lecture estim\u00e9e":"1 minute"},"schema":{"@context":"https:\/\/schema.org","@graph":[{"@type":"WebPage","@id":"https:\/\/cecit.es\/fr\/prochaines-activites\/","url":"https:\/\/cecit.es\/fr\/prochaines-activites\/","name":"Prochaines activit\u00e9s - CECIT","isPartOf":{"@id":"https:\/\/cecit.es\/fr\/#website"},"datePublished":"2022-02-02T11:00:40+00:00","dateModified":"2023-09-23T11:16:32+00:00","breadcrumb":{"@id":"https:\/\/cecit.es\/fr\/prochaines-activites\/#breadcrumb"},"inLanguage":"fr-FR","potentialAction":[{"@type":"ReadAction","target":["https:\/\/cecit.es\/fr\/prochaines-activites\/"]}]},{"@type":"BreadcrumbList","@id":"https:\/\/cecit.es\/fr\/prochaines-activites\/#breadcrumb","itemListElement":[{"@type":"ListItem","position":1,"name":"Portada","item":"https:\/\/cecit.es\/fr\/"},{"@type":"ListItem","position":2,"name":"Prochaines activit\u00e9s"}]},{"@type":"WebSite","@id":"https:\/\/cecit.es\/fr\/#website","url":"https:\/\/cecit.es\/fr\/","name":"CECIT","description":"Chambre de commerce officielle d&#039;Espagne \u00e0 Tanger","publisher":{"@id":"https:\/\/cecit.es\/fr\/#organization"},"potentialAction":[{"@type":"SearchAction","target":{"@type":"EntryPoint","urlTemplate":"https:\/\/cecit.es\/fr\/?s={search_term_string}"},"query-input":{"@type":"PropertyValueSpecification","valueRequired":true,"valueName":"search_term_string"}}],"inLanguage":"fr-FR"},{"@type":"Organization","@id":"https:\/\/cecit.es\/fr\/#organization","name":"C\u00e1mara Oficial de Comercio de Espa\u00f1a en T\u00e1nger","url":"https:\/\/cecit.es\/fr\/","logo":{"@type":"ImageObject","inLanguage":"fr-FR","@id":"https:\/\/cecit.es\/fr\/#\/schema\/logo\/image\/","url":"https:\/\/cecit.es\/wp-content\/uploads\/2021\/11\/cecit.png","contentUrl":"https:\/\/cecit.es\/wp-content\/uploads\/2021\/11\/cecit.png","width":800,"height":493,"caption":"C\u00e1mara Oficial de Comercio de Espa\u00f1a en T\u00e1nger"},"image":{"@id":"https:\/\/cecit.es\/fr\/#\/schema\/logo\/image\/"},"sameAs":["https:\/\/www.facebook.com\/camaratanger\/"]}]}},"_links":{"self":[{"href":"https:\/\/cecit.es\/fr\/wp-json\/wp\/v2\/pages\/15160","targetHints":{"allow":["GET"]}}],"collection":[{"href":"https:\/\/cecit.es\/fr\/wp-json\/wp\/v2\/pages"}],"about":[{"href":"https:\/\/cecit.es\/fr\/wp-json\/wp\/v2\/types\/page"}],"author":[{"embeddable":true,"href":"https:\/\/cecit.es\/fr\/wp-json\/wp\/v2\/users\/3425"}],"replies":[{"embeddable":true,"href":"https:\/\/cecit.es\/fr\/wp-json\/wp\/v2\/comments?post=15160"}],"version-history":[{"count":5,"href":"https:\/\/cecit.es\/fr\/wp-json\/wp\/v2\/pages\/15160\/revisions"}],"predecessor-version":[{"id":21166,"href":"https:\/\/cecit.es\/fr\/wp-json\/wp\/v2\/pages\/15160\/revisions\/21166"}],"wp:attachment":[{"href":"https:\/\/cecit.es\/fr\/wp-json\/wp\/v2\/media?parent=15160"}],"curies":[{"name":"wp","href":"https:\/\/api.w.org\/{rel}","templated":true}]}}