{"id":14706,"date":"2021-12-29T11:48:39","date_gmt":"2021-12-29T10:48:39","guid":{"rendered":"https:\/\/cecit.es\/avantages-des-membres\/"},"modified":"2023-07-12T15:45:47","modified_gmt":"2023-07-12T14:45:47","slug":"avantages-des-membres","status":"publish","type":"page","link":"https:\/\/cecit.es\/fr\/avantages-des-membres\/","title":{"rendered":"Avantages des membres"},"content":{"rendered":"<div class=\"wpb-content-wrapper\"><p>[vc_row full_width=&#8221;stretch_row&#8221; parallax=&#8221;content-moving&#8221; parallax_image=&#8221;3931&#8243;][vc_column][vc_empty_space][vc_custom_heading text=&#8221;Rejoignez la Chambre de Commerce. Nous sommes le point de rencontre entre l\u2019Espagne et le Maroc. Et vous pouvez en faire partie.&#8221; font_container=&#8221;tag:h1|text_align:left|color:%23ffffff&#8221; use_theme_fonts=&#8221;yes&#8221;][vc_btn title=&#8221;Formulaire de demande d\u2019adh\u00e9sion&#8221; style=&#8221;custom&#8221; custom_background=&#8221;#c31038&#8243; custom_text=&#8221;#ffffff&#8221; align=&#8221;center&#8221; link=&#8221;url:https%3A%2F%2Fadhesion.cecit.es%2F|target:_blank|&#8221; el_class=&#8221;btn-zoom&#8221;][vc_empty_space][\/vc_column][\/vc_row][vc_row css=&#8221;.vc_custom_1610118776478{margin-top: 20px !important;}&#8221;][vc_column][vc_column_text]\n<table id=\"tablepress-2\" class=\"tablepress tablepress-id-2\">\n<thead>\n<tr class=\"row-1\">\n\t<th class=\"column-1\">MODALITE D\u2019ADHESION <\/th><th class=\"column-2\">MEMBRE BASIQUE <br \/>\n5.000 Dhs<\/th><th class=\"column-3\">MEMBRE STANDARD<br \/>\n25.000 Dhs<\/th><th class=\"column-4\">MEMBRE PREMIUM<br \/>\n50.000 Dhs<\/th>\n<\/tr>\n<\/thead>\n<tbody class=\"row-striping row-hover\">\n<tr class=\"row-2\">\n\t<td class=\"column-1\"><strong><u>NETWORKING<\/u><\/strong><\/td><td class=\"column-2\"><\/td><td class=\"column-3\"><\/td><td class=\"column-4\"><\/td>\n<\/tr>\n<tr class=\"row-3\">\n\t<td class=\"column-1\">Participation gratuite \u00e0 des rencontres, des missions commerciales, etc.<\/td><td class=\"column-2\">\u221a<\/td><td class=\"column-3\">\u221a<\/td><td class=\"column-4\">\u221a<\/td>\n<\/tr>\n<tr class=\"row-4\">\n\t<td class=\"column-1\">Prospection commerciale (agenda de contacts)<\/td><td class=\"column-2\">1\/an<\/td><td class=\"column-3\">1\/semestre <\/td><td class=\"column-4\">1\/trimestre<\/td>\n<\/tr>\n<tr class=\"row-5\">\n\t<td class=\"column-1\">D\u00e9veloppement de vos opportunit\u00e9s d\u2019affaires<\/td><td class=\"column-2\">\u221a<\/td><td class=\"column-3\">\u221a<\/td><td class=\"column-4\">\u221a<\/td>\n<\/tr>\n<tr class=\"row-6\">\n\t<td class=\"column-1\">Cr\u00e9ation d\u2019un nouveau r\u00e9seau de contacts professionnels<\/td><td class=\"column-2\">\u221a<\/td><td class=\"column-3\">\u221a<\/td><td class=\"column-4\">\u221a<\/td>\n<\/tr>\n<tr class=\"row-7\">\n\t<td class=\"column-1\"><strong><u>PROMOTION ET MARKETING<\/u><\/strong><\/td><td class=\"column-2\"><\/td><td class=\"column-3\"><\/td><td class=\"column-4\"><\/td>\n<\/tr>\n<tr class=\"row-8\">\n\t<td class=\"column-1\">\u00c9v\u00e9nement de networking personnalis\u00e9 \u2013 Petit d\u00e9jeuner-d\u00e9bat \u2013 Afterwork, etc.<\/td><td class=\"column-2\"><\/td><td class=\"column-3\">1\/an<\/td><td class=\"column-4\">2\/an<\/td>\n<\/tr>\n<tr class=\"row-9\">\n\t<td class=\"column-1\">Diffusion de contacts d\u2019affaires<\/td><td class=\"column-2\">\u221a<\/td><td class=\"column-3\">\u221a<\/td><td class=\"column-4\">\u221a<\/td>\n<\/tr>\n<tr class=\"row-10\">\n\t<td class=\"column-1\">Roll-up de l\u2019entreprise lors des \u00e9v\u00e9nements de la Chambre<\/td><td class=\"column-2\"><\/td><td class=\"column-3\"><\/td><td class=\"column-4\">\u221a<\/td>\n<\/tr>\n<tr class=\"row-11\">\n\t<td class=\"column-1\">Ajouter votre logo dans le pied de page de notre correspondance<\/td><td class=\"column-2\"><\/td><td class=\"column-3\">\u221a<\/td><td class=\"column-4\">\u221a<\/td>\n<\/tr>\n<tr class=\"row-12\">\n\t<td class=\"column-1\">Ajouter votre logo sur les principaux \u00e9v\u00e9nements de la Chambre<\/td><td class=\"column-2\"><\/td><td class=\"column-3\">\u221a<\/td><td class=\"column-4\">\u221a<\/td>\n<\/tr>\n<tr class=\"row-13\">\n\t<td class=\"column-1\">Distribution de mat\u00e9riel d\u2019entreprise lors des \u00e9v\u00e9nements de la Chambre<\/td><td class=\"column-2\"><\/td><td class=\"column-3\"><\/td><td class=\"column-4\">\u221a<\/td>\n<\/tr>\n<tr class=\"row-14\">\n\t<td class=\"column-1\">Mailing promotionnel<\/td><td class=\"column-2\"><\/td><td class=\"column-3\">1\/semestre <\/td><td class=\"column-4\">1\/trimestre<\/td>\n<\/tr>\n<tr class=\"row-15\">\n\t<td class=\"column-1\"><strong><u>ANNUAIRE DES MEMBRES<\/u><\/strong><\/td><td class=\"column-2\"><\/td><td class=\"column-3\"><\/td><td class=\"column-4\"><\/td>\n<\/tr>\n<tr class=\"row-16\">\n\t<td class=\"column-1\">Publication de vos coordonn\u00e9es dans l\u2019annuaire<\/td><td class=\"column-2\">\u221a<\/td><td class=\"column-3\">\u221a<\/td><td class=\"column-4\">\u221a<\/td>\n<\/tr>\n<tr class=\"row-17\">\n\t<td class=\"column-1\">Ajouter votre logo dans l\u2019annuaire<\/td><td class=\"column-2\"><\/td><td class=\"column-3\">\u221a<\/td><td class=\"column-4\">\u221a<\/td>\n<\/tr>\n<tr class=\"row-18\">\n\t<td class=\"column-1\">Insertion publicitaire dans l\u2019annuaire<\/td><td class=\"column-2\"><\/td><td class=\"column-3\"><\/td><td class=\"column-4\">\u221a<\/td>\n<\/tr>\n<tr class=\"row-19\">\n\t<td class=\"column-1\"><strong><u>SITE WEB CECIT<\/u><\/strong><\/td><td class=\"column-2\"><\/td><td class=\"column-3\"><\/td><td class=\"column-4\"><\/td>\n<\/tr>\n<tr class=\"row-20\">\n\t<td class=\"column-1\">Diffusion de vos donn\u00e9es<\/td><td class=\"column-2\">\u221a<\/td><td class=\"column-3\">\u221a<\/td><td class=\"column-4\">\u221a<\/td>\n<\/tr>\n<tr class=\"row-21\">\n\t<td class=\"column-1\">Ajouter votre logo avec un lien vers votre site web<\/td><td class=\"column-2\"><\/td><td class=\"column-3\">\u221a<\/td><td class=\"column-4\">\u221a<\/td>\n<\/tr>\n<tr class=\"row-22\">\n\t<td class=\"column-1\">Faire partie de la banni\u00e8re centrale de bienvenue sur le site web<\/td><td class=\"column-2\"><\/td><td class=\"column-3\"><\/td><td class=\"column-4\">\u221a<\/td>\n<\/tr>\n<tr class=\"row-23\">\n\t<td class=\"column-1\">Vid\u00e9o d\u2019entreprise sur le site web<\/td><td class=\"column-2\"><\/td><td class=\"column-3\"><\/td><td class=\"column-4\">\u221a<\/td>\n<\/tr>\n<tr class=\"row-24\">\n\t<td class=\"column-1\">Publication des actualit\u00e9s ou des \u00e9v\u00e9nements de votre entreprise<\/td><td class=\"column-2\"><\/td><td class=\"column-3\">1\/mois<\/td><td class=\"column-4\">1\/mois<\/td>\n<\/tr>\n<tr class=\"row-25\">\n\t<td class=\"column-1\"><strong><u>R\u00c9SEAUX SOCIAUX<\/u><\/strong><\/td><td class=\"column-2\"><\/td><td class=\"column-3\"><\/td><td class=\"column-4\"><\/td>\n<\/tr>\n<tr class=\"row-26\">\n\t<td class=\"column-1\">Publication de promotions ou d\u2019annonces sur les r\u00e9seaux sociaux<\/td><td class=\"column-2\"><\/td><td class=\"column-3\">1\/trimestre <\/td><td class=\"column-4\">1\/mes<\/td>\n<\/tr>\n<tr class=\"row-27\">\n\t<td class=\"column-1\">Publireportage de votre entreprise sur les r\u00e9seaux sociaux et la newsletter<\/td><td class=\"column-2\"><\/td><td class=\"column-3\"><\/td><td class=\"column-4\">\u221a<\/td>\n<\/tr>\n<tr class=\"row-28\">\n\t<td class=\"column-1\">Conseil et accompagnement<\/td><td class=\"column-2\">\u221a<\/td><td class=\"column-3\">\u221a<\/td><td class=\"column-4\">\u221a<\/td>\n<\/tr>\n<tr class=\"row-29\">\n\t<td class=\"column-1\">R\u00e9ductions sur les h\u00f4tels<\/td><td class=\"column-2\">\u221a<\/td><td class=\"column-3\">\u221a<\/td><td class=\"column-4\">\u221a<\/td>\n<\/tr>\n<tr class=\"row-30\">\n\t<td class=\"column-1\">Soutien pour les demandes de visa d\u2019affaires<\/td><td class=\"column-2\">Selon la cat\u00e9gorie<\/td><td class=\"column-3\">Selon la cat\u00e9gorie<\/td><td class=\"column-4\">Selon la cat\u00e9gorie<\/td>\n<\/tr>\n<tr class=\"row-31\">\n\t<td class=\"column-1\">R\u00e9ductions sur les formations en pr\u00e9sentiel et en ligne<\/td><td class=\"column-2\">\u221a<\/td><td class=\"column-3\">\u221a<\/td><td class=\"column-4\">\u221a<\/td>\n<\/tr>\n<\/tbody>\n<\/table>\n<!-- #tablepress-2 from cache -->[\/vc_column_text][\/vc_column][\/vc_row]<\/p>\n<\/div>","protected":false},"excerpt":{"rendered":"<p>[vc_row full_width=&#8221;stretch_row&#8221; parallax=&#8221;content-moving&#8221; parallax_image=&#8221;3931&#8243;][vc_column][vc_empty_space][vc_custom_heading text=&#8221;Rejoignez la Chambre de Commerce. Nous sommes le point de rencontre entre l\u2019Espagne et le Maroc. Et vous pouvez en faire partie.&#8221;<span class=\"excerpt-hellip\"> [\u2026]<\/span><\/p>\n","protected":false},"author":1,"featured_media":0,"parent":0,"menu_order":0,"comment_status":"closed","ping_status":"closed","template":"","meta":{"footnotes":""},"class_list":["post-14706","page","type-page","status-publish","hentry"],"yoast_head":"<!-- This site is optimized with the Yoast SEO plugin v26.2 - https:\/\/yoast.com\/wordpress\/plugins\/seo\/ -->\n<title>Avantages des membres - CECIT<\/title>\n<meta name=\"robots\" content=\"index, follow, max-snippet:-1, max-image-preview:large, max-video-preview:-1\" \/>\n<link rel=\"canonical\" href=\"https:\/\/cecit.es\/fr\/avantages-des-membres\/\" \/>\n<meta property=\"og:locale\" content=\"fr_FR\" \/>\n<meta property=\"og:type\" content=\"article\" \/>\n<meta property=\"og:title\" content=\"Avantages des membres - CECIT\" \/>\n<meta property=\"og:description\" content=\"[vc_row full_width=&#8221;stretch_row&#8221; parallax=&#8221;content-moving&#8221; parallax_image=&#8221;3931&#8243;][vc_column][vc_empty_space][vc_custom_heading text=&#8221;Rejoignez la Chambre de Commerce. Nous sommes le point de rencontre entre l\u2019Espagne et le Maroc. Et vous pouvez en faire partie.&#8221; [\u2026]\" \/>\n<meta property=\"og:url\" content=\"https:\/\/cecit.es\/fr\/avantages-des-membres\/\" \/>\n<meta property=\"og:site_name\" content=\"CECIT\" \/>\n<meta property=\"article:publisher\" content=\"https:\/\/www.facebook.com\/camaratanger\/\" \/>\n<meta property=\"article:modified_time\" content=\"2023-07-12T14:45:47+00:00\" \/>\n<meta name=\"twitter:card\" content=\"summary_large_image\" \/>\n<meta name=\"twitter:label1\" content=\"Dur\u00e9e de lecture estim\u00e9e\" \/>\n\t<meta name=\"twitter:data1\" content=\"1 minute\" \/>\n<script type=\"application\/ld+json\" class=\"yoast-schema-graph\">{\"@context\":\"https:\/\/schema.org\",\"@graph\":[{\"@type\":\"WebPage\",\"@id\":\"https:\/\/cecit.es\/fr\/avantages-des-membres\/\",\"url\":\"https:\/\/cecit.es\/fr\/avantages-des-membres\/\",\"name\":\"Avantages des membres - CECIT\",\"isPartOf\":{\"@id\":\"https:\/\/cecit.es\/fr\/#website\"},\"datePublished\":\"2021-12-29T10:48:39+00:00\",\"dateModified\":\"2023-07-12T14:45:47+00:00\",\"breadcrumb\":{\"@id\":\"https:\/\/cecit.es\/fr\/avantages-des-membres\/#breadcrumb\"},\"inLanguage\":\"fr-FR\",\"potentialAction\":[{\"@type\":\"ReadAction\",\"target\":[\"https:\/\/cecit.es\/fr\/avantages-des-membres\/\"]}]},{\"@type\":\"BreadcrumbList\",\"@id\":\"https:\/\/cecit.es\/fr\/avantages-des-membres\/#breadcrumb\",\"itemListElement\":[{\"@type\":\"ListItem\",\"position\":1,\"name\":\"Portada\",\"item\":\"https:\/\/cecit.es\/fr\/\"},{\"@type\":\"ListItem\",\"position\":2,\"name\":\"Avantages des membres\"}]},{\"@type\":\"WebSite\",\"@id\":\"https:\/\/cecit.es\/fr\/#website\",\"url\":\"https:\/\/cecit.es\/fr\/\",\"name\":\"CECIT\",\"description\":\"Chambre de commerce officielle d&#039;Espagne \u00e0 Tanger\",\"publisher\":{\"@id\":\"https:\/\/cecit.es\/fr\/#organization\"},\"potentialAction\":[{\"@type\":\"SearchAction\",\"target\":{\"@type\":\"EntryPoint\",\"urlTemplate\":\"https:\/\/cecit.es\/fr\/?s={search_term_string}\"},\"query-input\":{\"@type\":\"PropertyValueSpecification\",\"valueRequired\":true,\"valueName\":\"search_term_string\"}}],\"inLanguage\":\"fr-FR\"},{\"@type\":\"Organization\",\"@id\":\"https:\/\/cecit.es\/fr\/#organization\",\"name\":\"C\u00e1mara Oficial de Comercio de Espa\u00f1a en T\u00e1nger\",\"url\":\"https:\/\/cecit.es\/fr\/\",\"logo\":{\"@type\":\"ImageObject\",\"inLanguage\":\"fr-FR\",\"@id\":\"https:\/\/cecit.es\/fr\/#\/schema\/logo\/image\/\",\"url\":\"https:\/\/cecit.es\/wp-content\/uploads\/2021\/11\/cecit.png\",\"contentUrl\":\"https:\/\/cecit.es\/wp-content\/uploads\/2021\/11\/cecit.png\",\"width\":800,\"height\":493,\"caption\":\"C\u00e1mara Oficial de Comercio de Espa\u00f1a en T\u00e1nger\"},\"image\":{\"@id\":\"https:\/\/cecit.es\/fr\/#\/schema\/logo\/image\/\"},\"sameAs\":[\"https:\/\/www.facebook.com\/camaratanger\/\"]}]}<\/script>\n<!-- \/ Yoast SEO plugin. -->","yoast_head_json":{"title":"Avantages des membres - CECIT","robots":{"index":"index","follow":"follow","max-snippet":"max-snippet:-1","max-image-preview":"max-image-preview:large","max-video-preview":"max-video-preview:-1"},"canonical":"https:\/\/cecit.es\/fr\/avantages-des-membres\/","og_locale":"fr_FR","og_type":"article","og_title":"Avantages des membres - CECIT","og_description":"[vc_row full_width=&#8221;stretch_row&#8221; parallax=&#8221;content-moving&#8221; parallax_image=&#8221;3931&#8243;][vc_column][vc_empty_space][vc_custom_heading text=&#8221;Rejoignez la Chambre de Commerce. Nous sommes le point de rencontre entre l\u2019Espagne et le Maroc. Et vous pouvez en faire partie.&#8221; [\u2026]","og_url":"https:\/\/cecit.es\/fr\/avantages-des-membres\/","og_site_name":"CECIT","article_publisher":"https:\/\/www.facebook.com\/camaratanger\/","article_modified_time":"2023-07-12T14:45:47+00:00","twitter_card":"summary_large_image","twitter_misc":{"Dur\u00e9e de lecture estim\u00e9e":"1 minute"},"schema":{"@context":"https:\/\/schema.org","@graph":[{"@type":"WebPage","@id":"https:\/\/cecit.es\/fr\/avantages-des-membres\/","url":"https:\/\/cecit.es\/fr\/avantages-des-membres\/","name":"Avantages des membres - CECIT","isPartOf":{"@id":"https:\/\/cecit.es\/fr\/#website"},"datePublished":"2021-12-29T10:48:39+00:00","dateModified":"2023-07-12T14:45:47+00:00","breadcrumb":{"@id":"https:\/\/cecit.es\/fr\/avantages-des-membres\/#breadcrumb"},"inLanguage":"fr-FR","potentialAction":[{"@type":"ReadAction","target":["https:\/\/cecit.es\/fr\/avantages-des-membres\/"]}]},{"@type":"BreadcrumbList","@id":"https:\/\/cecit.es\/fr\/avantages-des-membres\/#breadcrumb","itemListElement":[{"@type":"ListItem","position":1,"name":"Portada","item":"https:\/\/cecit.es\/fr\/"},{"@type":"ListItem","position":2,"name":"Avantages des membres"}]},{"@type":"WebSite","@id":"https:\/\/cecit.es\/fr\/#website","url":"https:\/\/cecit.es\/fr\/","name":"CECIT","description":"Chambre de commerce officielle d&#039;Espagne \u00e0 Tanger","publisher":{"@id":"https:\/\/cecit.es\/fr\/#organization"},"potentialAction":[{"@type":"SearchAction","target":{"@type":"EntryPoint","urlTemplate":"https:\/\/cecit.es\/fr\/?s={search_term_string}"},"query-input":{"@type":"PropertyValueSpecification","valueRequired":true,"valueName":"search_term_string"}}],"inLanguage":"fr-FR"},{"@type":"Organization","@id":"https:\/\/cecit.es\/fr\/#organization","name":"C\u00e1mara Oficial de Comercio de Espa\u00f1a en T\u00e1nger","url":"https:\/\/cecit.es\/fr\/","logo":{"@type":"ImageObject","inLanguage":"fr-FR","@id":"https:\/\/cecit.es\/fr\/#\/schema\/logo\/image\/","url":"https:\/\/cecit.es\/wp-content\/uploads\/2021\/11\/cecit.png","contentUrl":"https:\/\/cecit.es\/wp-content\/uploads\/2021\/11\/cecit.png","width":800,"height":493,"caption":"C\u00e1mara Oficial de Comercio de Espa\u00f1a en T\u00e1nger"},"image":{"@id":"https:\/\/cecit.es\/fr\/#\/schema\/logo\/image\/"},"sameAs":["https:\/\/www.facebook.com\/camaratanger\/"]}]}},"_links":{"self":[{"href":"https:\/\/cecit.es\/fr\/wp-json\/wp\/v2\/pages\/14706","targetHints":{"allow":["GET"]}}],"collection":[{"href":"https:\/\/cecit.es\/fr\/wp-json\/wp\/v2\/pages"}],"about":[{"href":"https:\/\/cecit.es\/fr\/wp-json\/wp\/v2\/types\/page"}],"author":[{"embeddable":true,"href":"https:\/\/cecit.es\/fr\/wp-json\/wp\/v2\/users\/1"}],"replies":[{"embeddable":true,"href":"https:\/\/cecit.es\/fr\/wp-json\/wp\/v2\/comments?post=14706"}],"version-history":[{"count":7,"href":"https:\/\/cecit.es\/fr\/wp-json\/wp\/v2\/pages\/14706\/revisions"}],"predecessor-version":[{"id":20933,"href":"https:\/\/cecit.es\/fr\/wp-json\/wp\/v2\/pages\/14706\/revisions\/20933"}],"wp:attachment":[{"href":"https:\/\/cecit.es\/fr\/wp-json\/wp\/v2\/media?parent=14706"}],"curies":[{"name":"wp","href":"https:\/\/api.w.org\/{rel}","templated":true}]}}