{"id":14674,"date":"2021-12-29T11:24:23","date_gmt":"2021-12-29T10:24:23","guid":{"rendered":"https:\/\/cecit.es\/gestion-des-visas\/"},"modified":"2021-12-29T11:24:24","modified_gmt":"2021-12-29T10:24:24","slug":"gestion-des-visas","status":"publish","type":"page","link":"https:\/\/cecit.es\/fr\/gestion-des-visas\/","title":{"rendered":"Gestion des visas"},"content":{"rendered":"<div class=\"wpb-content-wrapper\"><p>[vc_row full_width=&#8221;stretch_row&#8221; content_placement=&#8221;middle&#8221; parallax=&#8221;content-moving&#8221; parallax_image=&#8221;1653&#8243; css=&#8221;.vc_custom_1593263174526{padding-top: 10px !important;padding-bottom: 10px !important;background-position: center;background-repeat: no-repeat !important;background-size: cover !important;}&#8221;][vc_column][vc_custom_heading text=&#8221;Afin de simplifier le traitement de vos demandes de visa et vos d\u00e9placements en Espagne, la CECIT offre \u00e0 ses membres un service de gestion des rendez-vous pour les visas.&#8221; font_container=&#8221;tag:h2|text_align:center|color:%23ffffff|line_height:2&#8243; use_theme_fonts=&#8221;yes&#8221; css=&#8221;.vc_custom_1623152081477{margin-top: 30px !important;margin-bottom: 50px !important;}&#8221;][\/vc_column][\/vc_row][vc_row full_width=&#8221;stretch_row&#8221; content_placement=&#8221;middle&#8221; parallax=&#8221;content-moving&#8221; parallax_image=&#8221;1653&#8243; disable_element=&#8221;yes&#8221; css=&#8221;.vc_custom_1593299133872{padding-top: 10px !important;padding-bottom: 10px !important;background-position: center;background-repeat: no-repeat !important;background-size: cover !important;}&#8221;][vc_column width=&#8221;1\/6&#8243;][\/vc_column][vc_column width=&#8221;2\/3&#8243; css=&#8221;.vc_custom_1593263192931{padding-top: 10px !important;padding-right: 10px !important;padding-bottom: 10px !important;padding-left: 10px !important;background-color: rgba(0,0,0,0.2) !important;*background-color: rgb(0,0,0) !important;border-radius: 10px !important;}&#8221;][vc_custom_heading text=&#8221;La C\u00e1mara pone a disposici\u00f3n de sus asociados un servicio de gesti\u00f3n de citas para visados, con el objetivo de facilitar la tramitaci\u00f3n de sus expedientes de visados y sus desplazamientos a Espa\u00f1a.&#8221; font_container=&#8221;tag:h2|text_align:center|color:%23ffffff|line_height:2&#8243; use_theme_fonts=&#8221;yes&#8221;][\/vc_column][vc_column width=&#8221;1\/6&#8243;][\/vc_column][\/vc_row][vc_row][vc_column][vc_custom_heading text=&#8221;Information pr\u00e9alable&#8221; font_container=&#8221;tag:h2|text_align:center&#8221; use_theme_fonts=&#8221;yes&#8221;][vc_separator color=&#8221;black&#8221; style=&#8221;shadow&#8221; el_width=&#8221;40&#8243;][\/vc_column][\/vc_row][vc_row content_placement=&#8221;middle&#8221;][vc_column width=&#8221;1\/6&#8243;][\/vc_column][vc_column width=&#8221;1\/6&#8243;]<div class=\"icon_box icon_position_top no_border\"><div class=\"icon_wrapper\"><div class=\"icon\"><i class=\"icon-home\" aria-hidden=\"true\"><\/i><\/div><\/div><div class=\"desc_wrapper\"><\/div><\/div>\n[\/vc_column][vc_column width=&#8221;4\/6&#8243;][vc_column_text]<\/p>\n<p style=\"text-align: left;\">L\u2019entreprise doit \u00eatre membre de la Chambre et \u00eatre \u00e0 jour de ses cotisations.<\/p>\n<p>[\/vc_column_text][\/vc_column][\/vc_row][vc_row content_placement=&#8221;middle&#8221;][vc_column width=&#8221;1\/6&#8243;][\/vc_column][vc_column width=&#8221;1\/6&#8243;]<div class=\"icon_box icon_position_top no_border\"><div class=\"icon_wrapper\"><div class=\"icon\"><i class=\"icon-graduation-cap\" aria-hidden=\"true\"><\/i><\/div><\/div><div class=\"desc_wrapper\"><\/div><\/div>\n[\/vc_column][vc_column width=&#8221;4\/6&#8243;][vc_column_text]<br \/>\nLes b\u00e9n\u00e9ficiaires sont les titulaires de la carte CECIT, leurs conjoints et leurs enfants, dont la CIN \u2014pour les adultes\u2014 ou le passeport \u2014pour les mineurs\u2014 appartiennent \u00e0 la r\u00e9gion de Tanger. Dans le cas de ne pas disposer de ces documents, il faudrait pr\u00e9senter le justificatif du renouvellement des m\u00eames.<br \/>\n[\/vc_column_text][\/vc_column][\/vc_row][vc_row content_placement=&#8221;middle&#8221;][vc_column width=&#8221;1\/6&#8243;][\/vc_column][vc_column width=&#8221;1\/6&#8243;]<div class=\"icon_box icon_position_top no_border\"><div class=\"icon_wrapper\"><div class=\"icon\"><i class=\"icon-users\" aria-hidden=\"true\"><\/i><\/div><\/div><div class=\"desc_wrapper\"><\/div><\/div>\n[\/vc_column][vc_column width=&#8221;4\/6&#8243;][vc_column_text]<br \/>\nAfin de maintenir le bon fonctionnement de ce service, les annulations des rendez-vous doivent \u00eatre notifi\u00e9es et justifi\u00e9es <strong>48 heures \u00e0 l\u2019avance.<\/strong><br \/>\n[\/vc_column_text][\/vc_column][\/vc_row][vc_row content_placement=&#8221;middle&#8221;][vc_column width=&#8221;1\/6&#8243;][\/vc_column][vc_column width=&#8221;1\/6&#8243;]<div class=\"icon_box icon_position_top no_border\"><div class=\"icon_wrapper\"><div class=\"icon\"><i class=\"icon-credit-card\" aria-hidden=\"true\"><\/i><\/div><\/div><div class=\"desc_wrapper\"><\/div><\/div>\n[\/vc_column][vc_column width=&#8221;4\/6&#8243;][vc_column_text]<br \/>\nLes seules demandes de visa possibles pendant le statut d\u2019alerte COVID-19 concernent les <strong>visas de long s\u00e9jour<\/strong> \u2014un an ou plus\u2014.<br \/>\n[\/vc_column_text][\/vc_column][\/vc_row][vc_row full_width=&#8221;stretch_row&#8221; parallax=&#8221;content-moving&#8221; parallax_image=&#8221;388&#8243; css=&#8221;.vc_custom_1600694862490{margin-top: 50px !important;margin-bottom: 40px !important;background-color: #f2f2f2 !important;}&#8221;][vc_column][vc_column_text css=&#8221;.vc_custom_1600695019467{margin-bottom: 30px !important;}&#8221;]<\/p>\n<p style=\"text-align: justify;\"><strong>*En outre, et dans le cadre de l\u2019entr\u00e9e en vigueur de la loi sur la protection des donn\u00e9es, la Chambre se tient totalement \u00e0 l\u2019\u00e9cart du traitement, du suivi et de la d\u00e9cision finale en mati\u00e8re des visas. En d\u2019autres termes, la Chambre n\u2019intervient que dans le traitement des rendez-vous de visas pour ses membres.<\/strong><\/p>\n<p>[\/vc_column_text][vc_custom_heading text=&#8221;Proc\u00e9dure de traitement d\u2019une demande de rendez-vous :&#8221; font_container=&#8221;tag:h3|text_align:center&#8221; use_theme_fonts=&#8221;yes&#8221; css=&#8221;.vc_custom_1600694913490{margin-top: 30px !important;margin-bottom: 30px !important;}&#8221;][vc_separator color=&#8221;black&#8221; style=&#8221;shadow&#8221; el_width=&#8221;40&#8243;][vc_row_inner css=&#8221;.vc_custom_1593225261779{margin-top: 50px !important;}&#8221;][vc_column_inner width=&#8221;1\/3&#8243;]<div class=\"hover_box\"><div class=\"hover_box_wrapper\"><img loading=\"lazy\" decoding=\"async\" class=\"scale-with-grid visible_photo\" src=\"https:\/\/cecit.es\/wp-content\/uploads\/2020\/06\/1r.png\" alt=\"1r\" width=\"130\" height=\"130\"\/><img loading=\"lazy\" decoding=\"async\" class=\"scale-with-grid hidden_photo\" src=\"https:\/\/cecit.es\/wp-content\/uploads\/2020\/06\/1b.png\" alt=\"1b\" width=\"130\" height=\"130\"\/><\/div><\/div>\n[vc_column_text css=&#8221;.vc_custom_1622802657961{margin-top: 30px !important;}&#8221;]<\/p>\n<p style=\"text-align: justify;\">Demandez un rendez-vous par e-mail \u00e0 mehdia.guessous@camacoestanger.com en joignant les documents suivants\u00a0:<\/p>\n<ol>\n<li>Certificat d\u2019emploi ou registre de commerce.<\/li>\n<li>Copie de la carte de membre de l\u2019ann\u00e9e en cours.<\/li>\n<li>Copie du dernier visa.<\/li>\n<\/ol>\n<p>[\/vc_column_text][\/vc_column_inner][vc_column_inner width=&#8221;1\/3&#8243;]<div class=\"hover_box\"><div class=\"hover_box_wrapper\"><img loading=\"lazy\" decoding=\"async\" class=\"scale-with-grid visible_photo\" src=\"https:\/\/cecit.es\/wp-content\/uploads\/2020\/06\/2r.png\" alt=\"2r\" width=\"130\" height=\"130\"\/><img loading=\"lazy\" decoding=\"async\" class=\"scale-with-grid hidden_photo\" src=\"https:\/\/cecit.es\/wp-content\/uploads\/2020\/06\/2b.png\" alt=\"2b\" width=\"130\" height=\"130\"\/><\/div><\/div>\n[vc_column_text css=&#8221;.vc_custom_1622815117122{margin-top: 30px !important;}&#8221;]Pr\u00e9parer la documentation requise dont les informations se trouvent dans le lien suivant :<\/p>\n<p><a href=\"http:\/\/www.exteriores.gob.es\/Consulados\/TANGER\/es\/InformacionParaExtranjeros\/Paginas\/Informaci%C3%B3n%20para%20Extranjeros%20T%C3%A1nger\/DOCUMENTOS-Y-DEM%C3%81S-REQUISITOS-QUE-ACOMPA%C3%91AN-LAS-SOLICITUDES-DE-VISADO.aspx\" target=\"_blank\" rel=\"noopener\">DOCUMENTS ET AUTRES EXIGENCES ACCOMPAGNANT LES DEMANDES DE VISA<\/a>[\/vc_column_text][\/vc_column_inner][vc_column_inner width=&#8221;1\/3&#8243;]<div class=\"hover_box\"><div class=\"hover_box_wrapper\"><img loading=\"lazy\" decoding=\"async\" class=\"scale-with-grid visible_photo\" src=\"https:\/\/cecit.es\/wp-content\/uploads\/2020\/06\/3r.png\" alt=\"3r\" width=\"130\" height=\"130\"\/><img loading=\"lazy\" decoding=\"async\" class=\"scale-with-grid hidden_photo\" src=\"https:\/\/cecit.es\/wp-content\/uploads\/2020\/06\/3b.png\" alt=\"3b\" width=\"130\" height=\"130\"\/><\/div><\/div>\n[vc_column_text css=&#8221;.vc_custom_1622803633841{margin-top: 30px !important;}&#8221;]Lorsque vous aurez compl\u00e9t\u00e9 les \u00e9tapes ci-dessus, vous recevrez un e-mail de confirmation du rendez-vous.[\/vc_column_text][\/vc_column_inner][\/vc_row_inner][vc_column_text]<\/p>\n<ul>\n<li><span style=\"color: #000000;\"><strong>Veuillez noter qu\u2019aucune demande de rendez-vous pour un visa ne sera accept\u00e9e si l\u2019entreprise ne r\u00e9unit pas toutes les conditions requises.<\/strong><\/span><\/li>\n<\/ul>\n<p>[\/vc_column_text][\/vc_column][\/vc_row]<\/p>\n<\/div>","protected":false},"excerpt":{"rendered":"<p>[vc_row full_width=&#8221;stretch_row&#8221; content_placement=&#8221;middle&#8221; parallax=&#8221;content-moving&#8221; parallax_image=&#8221;1653&#8243; css=&#8221;.vc_custom_1593263174526{padding-top: 10px !important;padding-bottom: 10px !important;background-position: center;background-repeat: no-repeat !important;background-size: cover !important;}&#8221;][vc_column][vc_custom_heading text=&#8221;Afin de simplifier le traitement de vos demandes de visa et<span class=\"excerpt-hellip\"> [\u2026]<\/span><\/p>\n","protected":false},"author":1,"featured_media":0,"parent":0,"menu_order":0,"comment_status":"closed","ping_status":"closed","template":"","meta":{"footnotes":""},"class_list":["post-14674","page","type-page","status-publish","hentry"],"yoast_head":"<!-- This site is optimized with the Yoast SEO plugin v26.2 - https:\/\/yoast.com\/wordpress\/plugins\/seo\/ -->\n<title>Gestion des visas - CECIT<\/title>\n<meta name=\"robots\" content=\"index, follow, max-snippet:-1, max-image-preview:large, max-video-preview:-1\" \/>\n<link rel=\"canonical\" href=\"https:\/\/cecit.es\/fr\/gestion-des-visas\/\" \/>\n<meta property=\"og:locale\" content=\"fr_FR\" \/>\n<meta property=\"og:type\" content=\"article\" \/>\n<meta property=\"og:title\" content=\"Gestion des visas - CECIT\" \/>\n<meta property=\"og:description\" content=\"[vc_row full_width=&#8221;stretch_row&#8221; content_placement=&#8221;middle&#8221; parallax=&#8221;content-moving&#8221; parallax_image=&#8221;1653&#8243; css=&#8221;.vc_custom_1593263174526{padding-top: 10px !important;padding-bottom: 10px !important;background-position: center;background-repeat: no-repeat !important;background-size: cover !important;}&#8221;][vc_column][vc_custom_heading text=&#8221;Afin de simplifier le traitement de vos demandes de visa et [\u2026]\" \/>\n<meta property=\"og:url\" content=\"https:\/\/cecit.es\/fr\/gestion-des-visas\/\" \/>\n<meta property=\"og:site_name\" content=\"CECIT\" \/>\n<meta property=\"article:publisher\" content=\"https:\/\/www.facebook.com\/camaratanger\/\" \/>\n<meta property=\"article:modified_time\" content=\"2021-12-29T10:24:24+00:00\" \/>\n<meta name=\"twitter:card\" content=\"summary_large_image\" \/>\n<meta name=\"twitter:label1\" content=\"Dur\u00e9e de lecture estim\u00e9e\" \/>\n\t<meta name=\"twitter:data1\" content=\"4 minutes\" \/>\n<script type=\"application\/ld+json\" class=\"yoast-schema-graph\">{\"@context\":\"https:\/\/schema.org\",\"@graph\":[{\"@type\":\"WebPage\",\"@id\":\"https:\/\/cecit.es\/fr\/gestion-des-visas\/\",\"url\":\"https:\/\/cecit.es\/fr\/gestion-des-visas\/\",\"name\":\"Gestion des visas - CECIT\",\"isPartOf\":{\"@id\":\"https:\/\/cecit.es\/fr\/#website\"},\"datePublished\":\"2021-12-29T10:24:23+00:00\",\"dateModified\":\"2021-12-29T10:24:24+00:00\",\"breadcrumb\":{\"@id\":\"https:\/\/cecit.es\/fr\/gestion-des-visas\/#breadcrumb\"},\"inLanguage\":\"fr-FR\",\"potentialAction\":[{\"@type\":\"ReadAction\",\"target\":[\"https:\/\/cecit.es\/fr\/gestion-des-visas\/\"]}]},{\"@type\":\"BreadcrumbList\",\"@id\":\"https:\/\/cecit.es\/fr\/gestion-des-visas\/#breadcrumb\",\"itemListElement\":[{\"@type\":\"ListItem\",\"position\":1,\"name\":\"Portada\",\"item\":\"https:\/\/cecit.es\/fr\/\"},{\"@type\":\"ListItem\",\"position\":2,\"name\":\"Gestion des visas\"}]},{\"@type\":\"WebSite\",\"@id\":\"https:\/\/cecit.es\/fr\/#website\",\"url\":\"https:\/\/cecit.es\/fr\/\",\"name\":\"CECIT\",\"description\":\"Chambre de commerce officielle d&#039;Espagne \u00e0 Tanger\",\"publisher\":{\"@id\":\"https:\/\/cecit.es\/fr\/#organization\"},\"potentialAction\":[{\"@type\":\"SearchAction\",\"target\":{\"@type\":\"EntryPoint\",\"urlTemplate\":\"https:\/\/cecit.es\/fr\/?s={search_term_string}\"},\"query-input\":{\"@type\":\"PropertyValueSpecification\",\"valueRequired\":true,\"valueName\":\"search_term_string\"}}],\"inLanguage\":\"fr-FR\"},{\"@type\":\"Organization\",\"@id\":\"https:\/\/cecit.es\/fr\/#organization\",\"name\":\"C\u00e1mara Oficial de Comercio de Espa\u00f1a en T\u00e1nger\",\"url\":\"https:\/\/cecit.es\/fr\/\",\"logo\":{\"@type\":\"ImageObject\",\"inLanguage\":\"fr-FR\",\"@id\":\"https:\/\/cecit.es\/fr\/#\/schema\/logo\/image\/\",\"url\":\"https:\/\/cecit.es\/wp-content\/uploads\/2021\/11\/cecit.png\",\"contentUrl\":\"https:\/\/cecit.es\/wp-content\/uploads\/2021\/11\/cecit.png\",\"width\":800,\"height\":493,\"caption\":\"C\u00e1mara Oficial de Comercio de Espa\u00f1a en T\u00e1nger\"},\"image\":{\"@id\":\"https:\/\/cecit.es\/fr\/#\/schema\/logo\/image\/\"},\"sameAs\":[\"https:\/\/www.facebook.com\/camaratanger\/\"]}]}<\/script>\n<!-- \/ Yoast SEO plugin. -->","yoast_head_json":{"title":"Gestion des visas - CECIT","robots":{"index":"index","follow":"follow","max-snippet":"max-snippet:-1","max-image-preview":"max-image-preview:large","max-video-preview":"max-video-preview:-1"},"canonical":"https:\/\/cecit.es\/fr\/gestion-des-visas\/","og_locale":"fr_FR","og_type":"article","og_title":"Gestion des visas - CECIT","og_description":"[vc_row full_width=&#8221;stretch_row&#8221; content_placement=&#8221;middle&#8221; parallax=&#8221;content-moving&#8221; parallax_image=&#8221;1653&#8243; css=&#8221;.vc_custom_1593263174526{padding-top: 10px !important;padding-bottom: 10px !important;background-position: center;background-repeat: no-repeat !important;background-size: cover !important;}&#8221;][vc_column][vc_custom_heading text=&#8221;Afin de simplifier le traitement de vos demandes de visa et [\u2026]","og_url":"https:\/\/cecit.es\/fr\/gestion-des-visas\/","og_site_name":"CECIT","article_publisher":"https:\/\/www.facebook.com\/camaratanger\/","article_modified_time":"2021-12-29T10:24:24+00:00","twitter_card":"summary_large_image","twitter_misc":{"Dur\u00e9e de lecture estim\u00e9e":"4 minutes"},"schema":{"@context":"https:\/\/schema.org","@graph":[{"@type":"WebPage","@id":"https:\/\/cecit.es\/fr\/gestion-des-visas\/","url":"https:\/\/cecit.es\/fr\/gestion-des-visas\/","name":"Gestion des visas - CECIT","isPartOf":{"@id":"https:\/\/cecit.es\/fr\/#website"},"datePublished":"2021-12-29T10:24:23+00:00","dateModified":"2021-12-29T10:24:24+00:00","breadcrumb":{"@id":"https:\/\/cecit.es\/fr\/gestion-des-visas\/#breadcrumb"},"inLanguage":"fr-FR","potentialAction":[{"@type":"ReadAction","target":["https:\/\/cecit.es\/fr\/gestion-des-visas\/"]}]},{"@type":"BreadcrumbList","@id":"https:\/\/cecit.es\/fr\/gestion-des-visas\/#breadcrumb","itemListElement":[{"@type":"ListItem","position":1,"name":"Portada","item":"https:\/\/cecit.es\/fr\/"},{"@type":"ListItem","position":2,"name":"Gestion des visas"}]},{"@type":"WebSite","@id":"https:\/\/cecit.es\/fr\/#website","url":"https:\/\/cecit.es\/fr\/","name":"CECIT","description":"Chambre de commerce officielle d&#039;Espagne \u00e0 Tanger","publisher":{"@id":"https:\/\/cecit.es\/fr\/#organization"},"potentialAction":[{"@type":"SearchAction","target":{"@type":"EntryPoint","urlTemplate":"https:\/\/cecit.es\/fr\/?s={search_term_string}"},"query-input":{"@type":"PropertyValueSpecification","valueRequired":true,"valueName":"search_term_string"}}],"inLanguage":"fr-FR"},{"@type":"Organization","@id":"https:\/\/cecit.es\/fr\/#organization","name":"C\u00e1mara Oficial de Comercio de Espa\u00f1a en T\u00e1nger","url":"https:\/\/cecit.es\/fr\/","logo":{"@type":"ImageObject","inLanguage":"fr-FR","@id":"https:\/\/cecit.es\/fr\/#\/schema\/logo\/image\/","url":"https:\/\/cecit.es\/wp-content\/uploads\/2021\/11\/cecit.png","contentUrl":"https:\/\/cecit.es\/wp-content\/uploads\/2021\/11\/cecit.png","width":800,"height":493,"caption":"C\u00e1mara Oficial de Comercio de Espa\u00f1a en T\u00e1nger"},"image":{"@id":"https:\/\/cecit.es\/fr\/#\/schema\/logo\/image\/"},"sameAs":["https:\/\/www.facebook.com\/camaratanger\/"]}]}},"_links":{"self":[{"href":"https:\/\/cecit.es\/fr\/wp-json\/wp\/v2\/pages\/14674","targetHints":{"allow":["GET"]}}],"collection":[{"href":"https:\/\/cecit.es\/fr\/wp-json\/wp\/v2\/pages"}],"about":[{"href":"https:\/\/cecit.es\/fr\/wp-json\/wp\/v2\/types\/page"}],"author":[{"embeddable":true,"href":"https:\/\/cecit.es\/fr\/wp-json\/wp\/v2\/users\/1"}],"replies":[{"embeddable":true,"href":"https:\/\/cecit.es\/fr\/wp-json\/wp\/v2\/comments?post=14674"}],"version-history":[{"count":2,"href":"https:\/\/cecit.es\/fr\/wp-json\/wp\/v2\/pages\/14674\/revisions"}],"predecessor-version":[{"id":14676,"href":"https:\/\/cecit.es\/fr\/wp-json\/wp\/v2\/pages\/14674\/revisions\/14676"}],"wp:attachment":[{"href":"https:\/\/cecit.es\/fr\/wp-json\/wp\/v2\/media?parent=14674"}],"curies":[{"name":"wp","href":"https:\/\/api.w.org\/{rel}","templated":true}]}}