{"id":14645,"date":"2021-12-29T10:37:55","date_gmt":"2021-12-29T09:37:55","guid":{"rendered":"https:\/\/cecit.es\/promotion-des-entreprises\/"},"modified":"2021-12-29T10:39:44","modified_gmt":"2021-12-29T09:39:44","slug":"promotion-des-entreprises","status":"publish","type":"page","link":"https:\/\/cecit.es\/fr\/promotion-des-entreprises\/","title":{"rendered":"PROMOTION DES ENTREPRISES"},"content":{"rendered":"<div class=\"wpb-content-wrapper\"><p>[vc_row full_width=&#8221;stretch_row&#8221; content_placement=&#8221;middle&#8221; parallax=&#8221;content-moving&#8221; parallax_image=&#8221;1420&#8243;][vc_column][vc_custom_heading text=&#8221;Pour accomplir sa mission, la CECIT offre des services professionnels aux entreprises, institutions et particuliers des deux c\u00f4t\u00e9s du d\u00e9troit de Gibraltar.&#8221; font_container=&#8221;tag:h2|text_align:center|color:%23ffffff|line_height:2&#8243; use_theme_fonts=&#8221;yes&#8221; css=&#8221;.vc_custom_1621424967434{margin-top: 46px !important;margin-bottom: 50px !important;}&#8221;][\/vc_column][\/vc_row][vc_row][vc_column width=&#8221;1\/4&#8243;]<div class=\"icon_box icon_position_top has_border\"><div class=\"icon_wrapper\"><div class=\"icon\"><i class=\"icon-users\" aria-hidden=\"true\"><\/i><\/div><\/div><div class=\"desc_wrapper\"><\/div><\/div>\n[\/vc_column][vc_column width=&#8221;3\/4&#8243;][vc_column_text]<\/p>\n<h3 class=\"p1\" style=\"text-align: justify;\"><span class=\"s1\"><strong>1. Rencontres d\u2019affaires hispano-marocaines<\/strong><\/span><\/h3>\n<p class=\"p1\" style=\"text-align: justify;\">Notre Chambre organise p\u00e9riodiquement des rencontres d\u2019affaires hispano-marocaines pour mettre en contact les entrepreneurs de nos deux pays dans le but de faciliter l\u2019identification des opportunit\u00e9s d\u2019affaires, d\u2019investissement et de coop\u00e9ration commerciale.<\/p>\n<p>[\/vc_column_text][\/vc_column][\/vc_row][vc_row][vc_column width=&#8221;1\/4&#8243;]<div class=\"icon_box icon_position_top has_border\"><div class=\"icon_wrapper\"><div class=\"icon\"><i class=\"icon-thumbs-up\" aria-hidden=\"true\"><\/i><\/div><\/div><div class=\"desc_wrapper\"><\/div><\/div>\n[\/vc_column][vc_column width=&#8221;3\/4&#8243;][vc_column_text]<\/p>\n<h3 class=\"p1\" style=\"text-align: justify;\"><span class=\"s1\"><strong>2. Missions commerciales<\/strong><\/span><\/h3>\n<p class=\"p1\" style=\"text-align: justify;\">De sa propre initiative ou \u00e0 la demande d\u2019autres organisations, notre Chambre organise p\u00e9riodiquement des missions commerciales directes et inverses dans des secteurs \u00e9conomiques sp\u00e9cifiques ou des multisecteurs.<\/p>\n<p>[\/vc_column_text][\/vc_column][\/vc_row][vc_row][vc_column width=&#8221;1\/4&#8243;]<div class=\"icon_box icon_position_top has_border\"><div class=\"icon_wrapper\"><div class=\"icon\"><i class=\"icon-sound\" aria-hidden=\"true\"><\/i><\/div><\/div><div class=\"desc_wrapper\"><\/div><\/div>\n[\/vc_column][vc_column width=&#8221;3\/4&#8243;][vc_column_text]<\/p>\n<h3 class=\"p1\" style=\"text-align: justify;\"><span class=\"s1\"><strong>3. Service de prospection commerciale<\/strong><\/span><\/h3>\n<p class=\"p1\" style=\"text-align: justify;\">Ce service s\u2019adresse principalement aux entreprises sans exp\u00e9rience pr\u00e9alable sur un march\u00e9 sp\u00e9cifique qui ont besoin de pr\u00e9senter leur produit ou service en connaissant les meilleurs canaux de distribution. Il est mis en \u0153uvre \u00e0 travers de l\u2019organisation d\u2019agendas de contacts avec des collaborateurs potentiels, afin de promouvoir leur entr\u00e9e sur le march\u00e9 cible.<\/p>\n<p>[\/vc_column_text][\/vc_column][\/vc_row][vc_row][vc_column width=&#8221;1\/4&#8243;]<div class=\"icon_box icon_position_top has_border\"><div class=\"icon_wrapper\"><div class=\"icon\"><i class=\"icon-share\" aria-hidden=\"true\"><\/i><\/div><\/div><div class=\"desc_wrapper\"><\/div><\/div>\n[\/vc_column][vc_column width=&#8221;3\/4&#8243;][vc_column_text]<\/p>\n<h3 class=\"p1\" style=\"text-align: justify;\"><span class=\"s1\"><strong>4. Plateforme de networking<\/strong><\/span><\/h3>\n<p class=\"p1\" style=\"text-align: justify;\">La Chambre organise tous les 15 jours un <strong>afterwork<\/strong> ou un petit <strong>d\u00e9jeuner-d\u00e9bat<\/strong> qui offre une nouvelle opportunit\u00e9 d\u2019affaires pour ses entreprises associ\u00e9es.<\/p>\n<p class=\"p1\" style=\"text-align: justify;\">L\u2019objectif de ses actions est que les entreprises membres de notre institution fassent connaissance, renforcent leurs liens et, pourquoi pas, cr\u00e9ent entre elles des synergies qui puissent devenir des id\u00e9es commerciales prosp\u00e8res ou des clients hautement rentables.<\/p>\n<p>[\/vc_column_text][\/vc_column][\/vc_row][vc_row][vc_column width=&#8221;1\/4&#8243;]<div class=\"icon_box icon_position_top has_border\"><div class=\"icon_wrapper\"><div class=\"icon\"><i class=\"icon-share\" aria-hidden=\"true\"><\/i><\/div><\/div><div class=\"desc_wrapper\"><\/div><\/div>\n[\/vc_column][vc_column width=&#8221;3\/4&#8243;][vc_column_text]<\/p>\n<h3 class=\"p1\" style=\"text-align: justify;\"><span class=\"s1\"><strong>5. Plateforme num\u00e9rique<\/strong><\/span><\/h3>\n<p class=\"p1\" style=\"text-align: justify;\">La Chambre organise tous les 15 jours un webinaire ou un atelier qui constitue une nouvelle opportunit\u00e9 commerciale pour ses entreprises membres.<\/p>\n<p class=\"p1\" style=\"text-align: justify;\">L\u2019objectif de ces actions est que les entreprises membres de notre institution fassent connaissance, renforcent leurs liens et, pourquoi pas, cr\u00e9ent entre elles des synergies qui puissent devenir des id\u00e9es commerciales prosp\u00e8res ou des clients hautement rentables.<\/p>\n<p>[\/vc_column_text][\/vc_column][\/vc_row][vc_row][vc_column width=&#8221;1\/4&#8243;]<div class=\"icon_box icon_position_top has_border\"><div class=\"icon_wrapper\"><div class=\"icon\"><i class=\"icon-chart-bar\" aria-hidden=\"true\"><\/i><\/div><\/div><div class=\"desc_wrapper\"><\/div><\/div>\n[\/vc_column][vc_column width=&#8221;3\/4&#8243;][vc_column_text]<\/p>\n<h3 class=\"p1\" style=\"text-align: justify;\"><span class=\"s1\"><strong>6. Pr\u00e9sentations commerciales<\/strong><\/span><\/h3>\n<p class=\"p1\" style=\"text-align: justify;\">Dans le but d\u2019obtenir un rendement maximal de l\u2019investissement, la Chambre Officielle de Commerce d\u2019Espagne \u00e0 Tanger offre un service complet, flexible et adapt\u00e9 aux besoins des entreprises, en permettant la possibilit\u00e9 d\u2019accueillir des \u00e9v\u00e9nements publics et priv\u00e9s, des r\u00e9unions, des rencontres professionnelles, ainsi que des pr\u00e9sentations de produits ou de services.<\/p>\n<p>[\/vc_column_text][\/vc_column][\/vc_row][vc_row][vc_column width=&#8221;1\/4&#8243;]<div class=\"icon_box icon_position_top has_border\"><div class=\"icon_wrapper\"><div class=\"icon\"><i class=\"icon-suitcase\" aria-hidden=\"true\"><\/i><\/div><\/div><div class=\"desc_wrapper\"><\/div><\/div>\n[\/vc_column][vc_column width=&#8221;3\/4&#8243;][vc_column_text]<\/p>\n<h3 class=\"p1\" style=\"text-align: justify;\"><span class=\"s1\"><strong>7. Conf\u00e9rences techniques, d\u00e9bats et s\u00e9minaires<\/strong><\/span><\/h3>\n<p class=\"p1\" style=\"text-align: justify;\">Notre Chambre organise p\u00e9riodiquement des conf\u00e9rences techniques, des d\u00e9bats et des s\u00e9minaires sur des th\u00e8mes divers \u2014pr\u00e9sentation de secteurs \u00e0 fort potentiel de d\u00e9veloppement au Maroc, m\u00e9canismes de financement pour les entreprises d\u2019investissement espagnoles, etc.\u2014 selon l\u2019int\u00e9r\u00eat du moment ou \u00e0 la demande des membres ou des organismes institutionnels.<\/p>\n<p>[\/vc_column_text][\/vc_column][\/vc_row][vc_row][vc_column width=&#8221;1\/4&#8243;]<div class=\"icon_box icon_position_top has_border\"><div class=\"icon_wrapper\"><div class=\"icon\"><i class=\"icon-chat\" aria-hidden=\"true\"><\/i><\/div><\/div><div class=\"desc_wrapper\"><\/div><\/div>\n[\/vc_column][vc_column width=&#8221;3\/4&#8243;][vc_column_text]<\/p>\n<h3 class=\"p1\" style=\"text-align: justify;\"><strong><span class=\"s1\">8. Mailing promotionnel<\/span><\/strong><\/h3>\n<p>La campagne de mailing promotionnel est un service de marketing num\u00e9rique direct et efficace mis \u00e0 la disposition des membres de notre Chambre de Commerce. Il s\u2019agit d\u2019un outil id\u00e9al pour faire conna\u00eetre un nouveau produit, un service, une marque ou m\u00eame une entreprise.<br \/>\n[\/vc_column_text][\/vc_column][\/vc_row]<\/p>\n<\/div>","protected":false},"excerpt":{"rendered":"<p>[vc_row full_width=&#8221;stretch_row&#8221; content_placement=&#8221;middle&#8221; parallax=&#8221;content-moving&#8221; parallax_image=&#8221;1420&#8243;][vc_column][vc_custom_heading text=&#8221;Pour accomplir sa mission, la CECIT offre des services professionnels aux entreprises, institutions et particuliers des deux c\u00f4t\u00e9s du d\u00e9troit de<span class=\"excerpt-hellip\"> [\u2026]<\/span><\/p>\n","protected":false},"author":1,"featured_media":0,"parent":0,"menu_order":0,"comment_status":"closed","ping_status":"closed","template":"","meta":{"footnotes":""},"class_list":["post-14645","page","type-page","status-publish","hentry"],"yoast_head":"<!-- This site is optimized with the Yoast SEO plugin v26.2 - https:\/\/yoast.com\/wordpress\/plugins\/seo\/ -->\n<title>PROMOTION DES ENTREPRISES - CECIT<\/title>\n<meta name=\"robots\" content=\"index, follow, max-snippet:-1, max-image-preview:large, max-video-preview:-1\" \/>\n<link rel=\"canonical\" href=\"https:\/\/cecit.es\/fr\/promotion-des-entreprises\/\" \/>\n<meta property=\"og:locale\" content=\"fr_FR\" \/>\n<meta property=\"og:type\" content=\"article\" \/>\n<meta property=\"og:title\" content=\"PROMOTION DES ENTREPRISES - CECIT\" \/>\n<meta property=\"og:description\" content=\"[vc_row full_width=&#8221;stretch_row&#8221; content_placement=&#8221;middle&#8221; parallax=&#8221;content-moving&#8221; parallax_image=&#8221;1420&#8243;][vc_column][vc_custom_heading text=&#8221;Pour accomplir sa mission, la CECIT offre des services professionnels aux entreprises, institutions et particuliers des deux c\u00f4t\u00e9s du d\u00e9troit de [\u2026]\" \/>\n<meta property=\"og:url\" content=\"https:\/\/cecit.es\/fr\/promotion-des-entreprises\/\" \/>\n<meta property=\"og:site_name\" content=\"CECIT\" \/>\n<meta property=\"article:publisher\" content=\"https:\/\/www.facebook.com\/camaratanger\/\" \/>\n<meta property=\"article:modified_time\" content=\"2021-12-29T09:39:44+00:00\" \/>\n<meta name=\"twitter:card\" content=\"summary_large_image\" \/>\n<meta name=\"twitter:label1\" content=\"Dur\u00e9e de lecture estim\u00e9e\" \/>\n\t<meta name=\"twitter:data1\" content=\"4 minutes\" \/>\n<script type=\"application\/ld+json\" class=\"yoast-schema-graph\">{\"@context\":\"https:\/\/schema.org\",\"@graph\":[{\"@type\":\"WebPage\",\"@id\":\"https:\/\/cecit.es\/fr\/promotion-des-entreprises\/\",\"url\":\"https:\/\/cecit.es\/fr\/promotion-des-entreprises\/\",\"name\":\"PROMOTION DES ENTREPRISES - CECIT\",\"isPartOf\":{\"@id\":\"https:\/\/cecit.es\/fr\/#website\"},\"datePublished\":\"2021-12-29T09:37:55+00:00\",\"dateModified\":\"2021-12-29T09:39:44+00:00\",\"breadcrumb\":{\"@id\":\"https:\/\/cecit.es\/fr\/promotion-des-entreprises\/#breadcrumb\"},\"inLanguage\":\"fr-FR\",\"potentialAction\":[{\"@type\":\"ReadAction\",\"target\":[\"https:\/\/cecit.es\/fr\/promotion-des-entreprises\/\"]}]},{\"@type\":\"BreadcrumbList\",\"@id\":\"https:\/\/cecit.es\/fr\/promotion-des-entreprises\/#breadcrumb\",\"itemListElement\":[{\"@type\":\"ListItem\",\"position\":1,\"name\":\"Portada\",\"item\":\"https:\/\/cecit.es\/fr\/\"},{\"@type\":\"ListItem\",\"position\":2,\"name\":\"PROMOTION DES ENTREPRISES\"}]},{\"@type\":\"WebSite\",\"@id\":\"https:\/\/cecit.es\/fr\/#website\",\"url\":\"https:\/\/cecit.es\/fr\/\",\"name\":\"CECIT\",\"description\":\"Chambre de commerce officielle d&#039;Espagne \u00e0 Tanger\",\"publisher\":{\"@id\":\"https:\/\/cecit.es\/fr\/#organization\"},\"potentialAction\":[{\"@type\":\"SearchAction\",\"target\":{\"@type\":\"EntryPoint\",\"urlTemplate\":\"https:\/\/cecit.es\/fr\/?s={search_term_string}\"},\"query-input\":{\"@type\":\"PropertyValueSpecification\",\"valueRequired\":true,\"valueName\":\"search_term_string\"}}],\"inLanguage\":\"fr-FR\"},{\"@type\":\"Organization\",\"@id\":\"https:\/\/cecit.es\/fr\/#organization\",\"name\":\"C\u00e1mara Oficial de Comercio de Espa\u00f1a en T\u00e1nger\",\"url\":\"https:\/\/cecit.es\/fr\/\",\"logo\":{\"@type\":\"ImageObject\",\"inLanguage\":\"fr-FR\",\"@id\":\"https:\/\/cecit.es\/fr\/#\/schema\/logo\/image\/\",\"url\":\"https:\/\/cecit.es\/wp-content\/uploads\/2021\/11\/cecit.png\",\"contentUrl\":\"https:\/\/cecit.es\/wp-content\/uploads\/2021\/11\/cecit.png\",\"width\":800,\"height\":493,\"caption\":\"C\u00e1mara Oficial de Comercio de Espa\u00f1a en T\u00e1nger\"},\"image\":{\"@id\":\"https:\/\/cecit.es\/fr\/#\/schema\/logo\/image\/\"},\"sameAs\":[\"https:\/\/www.facebook.com\/camaratanger\/\"]}]}<\/script>\n<!-- \/ Yoast SEO plugin. -->","yoast_head_json":{"title":"PROMOTION DES ENTREPRISES - CECIT","robots":{"index":"index","follow":"follow","max-snippet":"max-snippet:-1","max-image-preview":"max-image-preview:large","max-video-preview":"max-video-preview:-1"},"canonical":"https:\/\/cecit.es\/fr\/promotion-des-entreprises\/","og_locale":"fr_FR","og_type":"article","og_title":"PROMOTION DES ENTREPRISES - CECIT","og_description":"[vc_row full_width=&#8221;stretch_row&#8221; content_placement=&#8221;middle&#8221; parallax=&#8221;content-moving&#8221; parallax_image=&#8221;1420&#8243;][vc_column][vc_custom_heading text=&#8221;Pour accomplir sa mission, la CECIT offre des services professionnels aux entreprises, institutions et particuliers des deux c\u00f4t\u00e9s du d\u00e9troit de [\u2026]","og_url":"https:\/\/cecit.es\/fr\/promotion-des-entreprises\/","og_site_name":"CECIT","article_publisher":"https:\/\/www.facebook.com\/camaratanger\/","article_modified_time":"2021-12-29T09:39:44+00:00","twitter_card":"summary_large_image","twitter_misc":{"Dur\u00e9e de lecture estim\u00e9e":"4 minutes"},"schema":{"@context":"https:\/\/schema.org","@graph":[{"@type":"WebPage","@id":"https:\/\/cecit.es\/fr\/promotion-des-entreprises\/","url":"https:\/\/cecit.es\/fr\/promotion-des-entreprises\/","name":"PROMOTION DES ENTREPRISES - CECIT","isPartOf":{"@id":"https:\/\/cecit.es\/fr\/#website"},"datePublished":"2021-12-29T09:37:55+00:00","dateModified":"2021-12-29T09:39:44+00:00","breadcrumb":{"@id":"https:\/\/cecit.es\/fr\/promotion-des-entreprises\/#breadcrumb"},"inLanguage":"fr-FR","potentialAction":[{"@type":"ReadAction","target":["https:\/\/cecit.es\/fr\/promotion-des-entreprises\/"]}]},{"@type":"BreadcrumbList","@id":"https:\/\/cecit.es\/fr\/promotion-des-entreprises\/#breadcrumb","itemListElement":[{"@type":"ListItem","position":1,"name":"Portada","item":"https:\/\/cecit.es\/fr\/"},{"@type":"ListItem","position":2,"name":"PROMOTION DES ENTREPRISES"}]},{"@type":"WebSite","@id":"https:\/\/cecit.es\/fr\/#website","url":"https:\/\/cecit.es\/fr\/","name":"CECIT","description":"Chambre de commerce officielle d&#039;Espagne \u00e0 Tanger","publisher":{"@id":"https:\/\/cecit.es\/fr\/#organization"},"potentialAction":[{"@type":"SearchAction","target":{"@type":"EntryPoint","urlTemplate":"https:\/\/cecit.es\/fr\/?s={search_term_string}"},"query-input":{"@type":"PropertyValueSpecification","valueRequired":true,"valueName":"search_term_string"}}],"inLanguage":"fr-FR"},{"@type":"Organization","@id":"https:\/\/cecit.es\/fr\/#organization","name":"C\u00e1mara Oficial de Comercio de Espa\u00f1a en T\u00e1nger","url":"https:\/\/cecit.es\/fr\/","logo":{"@type":"ImageObject","inLanguage":"fr-FR","@id":"https:\/\/cecit.es\/fr\/#\/schema\/logo\/image\/","url":"https:\/\/cecit.es\/wp-content\/uploads\/2021\/11\/cecit.png","contentUrl":"https:\/\/cecit.es\/wp-content\/uploads\/2021\/11\/cecit.png","width":800,"height":493,"caption":"C\u00e1mara Oficial de Comercio de Espa\u00f1a en T\u00e1nger"},"image":{"@id":"https:\/\/cecit.es\/fr\/#\/schema\/logo\/image\/"},"sameAs":["https:\/\/www.facebook.com\/camaratanger\/"]}]}},"_links":{"self":[{"href":"https:\/\/cecit.es\/fr\/wp-json\/wp\/v2\/pages\/14645","targetHints":{"allow":["GET"]}}],"collection":[{"href":"https:\/\/cecit.es\/fr\/wp-json\/wp\/v2\/pages"}],"about":[{"href":"https:\/\/cecit.es\/fr\/wp-json\/wp\/v2\/types\/page"}],"author":[{"embeddable":true,"href":"https:\/\/cecit.es\/fr\/wp-json\/wp\/v2\/users\/1"}],"replies":[{"embeddable":true,"href":"https:\/\/cecit.es\/fr\/wp-json\/wp\/v2\/comments?post=14645"}],"version-history":[{"count":4,"href":"https:\/\/cecit.es\/fr\/wp-json\/wp\/v2\/pages\/14645\/revisions"}],"predecessor-version":[{"id":14651,"href":"https:\/\/cecit.es\/fr\/wp-json\/wp\/v2\/pages\/14645\/revisions\/14651"}],"wp:attachment":[{"href":"https:\/\/cecit.es\/fr\/wp-json\/wp\/v2\/media?parent=14645"}],"curies":[{"name":"wp","href":"https:\/\/api.w.org\/{rel}","templated":true}]}}