{"id":14635,"date":"2021-12-29T10:31:00","date_gmt":"2021-12-29T09:31:00","guid":{"rendered":"https:\/\/cecit.es\/information-commerciale\/"},"modified":"2021-12-29T10:31:01","modified_gmt":"2021-12-29T09:31:01","slug":"information-commerciale","status":"publish","type":"page","link":"https:\/\/cecit.es\/fr\/information-commerciale\/","title":{"rendered":"INFORMATION COMMERCIALE"},"content":{"rendered":"<div class=\"wpb-content-wrapper\"><p>[vc_row full_width=&#8221;stretch_row&#8221; content_placement=&#8221;middle&#8221; parallax=&#8221;content-moving&#8221; parallax_image=&#8221;1419&#8243;][vc_column width=&#8221;1\/6&#8243;][\/vc_column][vc_column width=&#8221;2\/3&#8243; css=&#8221;.vc_custom_1593307801230{padding-top: 10px !important;padding-right: 10px !important;padding-bottom: 10px !important;padding-left: 10px !important;}&#8221;][vc_custom_heading text=&#8221;Pour accomplir sa mission, la CECIT offre des services professionnels aux entreprises, institutions et particuliers des deux c\u00f4t\u00e9s du d\u00e9troit de Gibraltar.&#8221; font_container=&#8221;tag:h2|text_align:center|color:%23ffffff|line_height:2&#8243; use_theme_fonts=&#8221;yes&#8221; css=&#8221;.vc_custom_1621424883267{margin-top: 60px !important;margin-bottom: 50px !important;}&#8221;][\/vc_column][vc_column width=&#8221;1\/6&#8243;][\/vc_column][\/vc_row][vc_row full_width=&#8221;stretch_row&#8221; content_placement=&#8221;middle&#8221; parallax=&#8221;content-moving&#8221; parallax_image=&#8221;11&#8243;][vc_column width=&#8221;1\/4&#8243;]<div class=\"icon_box icon_position_top has_border\"><div class=\"icon_wrapper\"><div class=\"icon\"><i class=\"icon-help-circled\" aria-hidden=\"true\"><\/i><\/div><\/div><div class=\"desc_wrapper\"><\/div><\/div>\n[\/vc_column][vc_column width=&#8221;3\/4&#8243;][vc_column_text]<\/p>\n<h3>1. Accueil, conseil et accompagnement aux investisseurs<\/h3>\n<p>Afin d\u2019assurer le succ\u00e8s de la mise en \u0153uvre des projets d\u2019investissement au Maroc, notre Chambre offre un service complet d\u2019accueil, d\u2019information et d\u2019accompagnement aux entreprises qui envisagent soit des projets d\u2019investissement, soit la commercialisation de leurs biens ou services.<\/p>\n<p>Pour ce faire, la <strong>CECIT<\/strong> b\u00e9n\u00e9ficie du soutien et de la collaboration d\u2019un r\u00e9seau de contacts institutionnels et d\u2019organismes officiels sectoriels tant locaux que nationaux, qui font partie de ce processus de conseil et accompagnement aux entreprises.<br \/>\n[\/vc_column_text][\/vc_column][\/vc_row][vc_row full_width=&#8221;stretch_row&#8221; content_placement=&#8221;middle&#8221; parallax=&#8221;content-moving&#8221; parallax_image=&#8221;11&#8243;][vc_column width=&#8221;1\/4&#8243;]<div class=\"icon_box icon_position_top has_border\"><div class=\"icon_wrapper\"><div class=\"icon\"><i class=\"icon-cc-nc\" aria-hidden=\"true\"><\/i><\/div><\/div><div class=\"desc_wrapper\"><\/div><\/div>\n[\/vc_column][vc_column width=&#8221;3\/4&#8243;][vc_column_text]<\/p>\n<h3>2. Informations pr\u00e9alables sur les investissements<\/h3>\n<p style=\"text-align: justify;\">Notre Chambre met \u00e0 la disposition des entreprises int\u00e9ress\u00e9es des informations pr\u00e9alables sur l\u2019investissement (co\u00fbts d\u2019\u00e9tablissement : co\u00fbts du travail, co\u00fbts de production, emplacement sur un terrain industriel, soutien financier, contact avec des cabinets de consultants et d\u2019avocats d\u2019une solide r\u00e9putation)\u2026 Tout ceci afin d\u2019assurer la bonne mise en \u0153uvre des projets d\u2019investissement au Maroc.<\/p>\n<p>[\/vc_column_text][\/vc_column][\/vc_row][vc_row full_width=&#8221;stretch_row&#8221; content_placement=&#8221;middle&#8221; parallax=&#8221;content-moving&#8221; parallax_image=&#8221;11&#8243;][vc_column width=&#8221;1\/4&#8243;]<div class=\"icon_box icon_position_top has_border\"><div class=\"icon_wrapper\"><div class=\"icon\"><i class=\"icon-chart-pie\" aria-hidden=\"true\"><\/i><\/div><\/div><div class=\"desc_wrapper\"><\/div><\/div>\n[\/vc_column][vc_column width=&#8221;3\/4&#8243;][vc_column_text]<\/p>\n<h3>3. \u00c9tudes et notes de march\u00e9<\/h3>\n<p class=\"p1\" style=\"text-align: justify;\">Notre Chambre a acc\u00e8s \u00e0 un large \u00e9ventail d\u2019\u00e9tudes sectorielles et de notes de march\u00e9 sur les principaux secteurs \u00e9conomiques au Maroc et en Espagne.<\/p>\n<p>[\/vc_column_text][\/vc_column][\/vc_row][vc_row full_width=&#8221;stretch_row&#8221; content_placement=&#8221;middle&#8221; parallax=&#8221;content-moving&#8221; parallax_image=&#8221;11&#8243;][vc_column width=&#8221;1\/4&#8243;]<div class=\"icon_box icon_position_top has_border\"><div class=\"icon_wrapper\"><div class=\"icon\"><i class=\"icon-briefcase\" aria-hidden=\"true\"><\/i><\/div><\/div><div class=\"desc_wrapper\"><\/div><\/div>\n[\/vc_column][vc_column width=&#8221;3\/4&#8243;][vc_column_text]<\/p>\n<h3>4. R\u00e9solution de demandes commerciales<\/h3>\n<p class=\"p1\" style=\"text-align: justify;\">Notre Chambre est en contact avec les principales organisations \u00e9conomiques et commerciales tant espagnoles que marocaines, ainsi qu\u2019avec une vaste base de donn\u00e9es qui permet une r\u00e9solution correcte, rapide et fiable des demandes commerciales.<\/p>\n<p>[\/vc_column_text][\/vc_column][\/vc_row][vc_row full_width=&#8221;stretch_row&#8221; content_placement=&#8221;middle&#8221; parallax=&#8221;content-moving&#8221; parallax_image=&#8221;11&#8243;][vc_column width=&#8221;1\/4&#8243;]<div class=\"icon_box icon_position_top has_border\"><div class=\"icon_wrapper\"><div class=\"icon\"><i class=\"icon-user-add\" aria-hidden=\"true\"><\/i><\/div><\/div><div class=\"desc_wrapper\"><\/div><\/div>\n[\/vc_column][vc_column width=&#8221;3\/4&#8243;][vc_column_text]<\/p>\n<h3>5. Recherche de contacts professionnels<\/h3>\n<p class=\"p4\" style=\"text-align: justify;\">Gr\u00e2ce aux moyens cit\u00e9s ci-dessus, \u00e0 ses entreprises associ\u00e9es et \u00e0 son r\u00e9seau de contacts au sein du tissu entrepreneurial national, notre Chambre de Commerce facilite les contacts bilat\u00e9raux de grand int\u00e9r\u00eat.<\/p>\n<p>[\/vc_column_text][\/vc_column][\/vc_row][vc_row full_width=&#8221;stretch_row&#8221; content_placement=&#8221;middle&#8221; parallax=&#8221;content-moving&#8221; parallax_image=&#8221;11&#8243;][vc_column width=&#8221;1\/4&#8243;]<div class=\"icon_box icon_position_top has_border\"><div class=\"icon_wrapper\"><div class=\"icon\"><i class=\"icon-trophy\" aria-hidden=\"true\"><\/i><\/div><\/div><div class=\"desc_wrapper\"><\/div><\/div>\n[\/vc_column][vc_column width=&#8221;3\/4&#8243;][vc_column_text]<\/p>\n<div class=\"row-fluid-wrapper row-depth-1 row-number-7 \">\n<div class=\"row-fluid \">\n<div class=\"span12 widget-span widget-type-custom_widget \" data-widget-type=\"custom_widget\" data-x=\"0\" data-w=\"12\">\n<div id=\"hs_cos_wrapper_module_15539560779074885\" class=\"hs_cos_wrapper hs_cos_wrapper_widget hs_cos_wrapper_type_module widget-type-rich_text widget-type-rich_text\" data-hs-cos-general-type=\"widget\" data-hs-cos-type=\"module\">\n<h3>6. Diffusion des opportunit\u00e9s d\u2019affaires<\/h3>\n<p>Gr\u00e2ce aux demandes commerciales re\u00e7ues, aux opportunit\u00e9s offertes sur notre site web, ainsi qu\u2019aux diverses publications recueillies dans ses bureaux, notre Chambre dispose d\u2019une base de donn\u00e9es d\u2019opportunit\u00e9s commerciales tant au Maroc qu\u2019en Espagne.<\/p>\n<p class=\"p1\" style=\"text-align: justify;\">\n<\/div>\n<\/div>\n<\/div>\n<\/div>\n<div class=\"row-fluid-wrapper row-depth-1 row-number-8 \">\n<div class=\"row-fluid \">\n<div class=\"span12 widget-span widget-type-custom_widget \" data-widget-type=\"custom_widget\" data-x=\"0\" data-w=\"12\">\n<div id=\"hs_cos_wrapper_module_15579408674923269\" class=\"hs_cos_wrapper hs_cos_wrapper_widget hs_cos_wrapper_type_module widget-type-form widget-type-form\" style=\"text-align: justify;\" data-hs-cos-general-type=\"widget\" data-hs-cos-type=\"module\"><\/div>\n<\/div>\n<\/div>\n<\/div>\n<p>[\/vc_column_text][\/vc_column][\/vc_row]<\/p>\n<\/div>","protected":false},"excerpt":{"rendered":"<p>[vc_row full_width=&#8221;stretch_row&#8221; content_placement=&#8221;middle&#8221; parallax=&#8221;content-moving&#8221; parallax_image=&#8221;1419&#8243;][vc_column width=&#8221;1\/6&#8243;][\/vc_column][vc_column width=&#8221;2\/3&#8243; css=&#8221;.vc_custom_1593307801230{padding-top: 10px !important;padding-right: 10px !important;padding-bottom: 10px !important;padding-left: 10px !important;}&#8221;][vc_custom_heading text=&#8221;Pour accomplir sa mission, la CECIT offre des services professionnels<span class=\"excerpt-hellip\"> [\u2026]<\/span><\/p>\n","protected":false},"author":1,"featured_media":0,"parent":0,"menu_order":0,"comment_status":"closed","ping_status":"closed","template":"","meta":{"footnotes":""},"class_list":["post-14635","page","type-page","status-publish","hentry"],"yoast_head":"<!-- This site is optimized with the Yoast SEO plugin v26.2 - https:\/\/yoast.com\/wordpress\/plugins\/seo\/ -->\n<title>INFORMATION COMMERCIALE - CECIT<\/title>\n<meta name=\"robots\" content=\"index, follow, max-snippet:-1, max-image-preview:large, max-video-preview:-1\" \/>\n<link rel=\"canonical\" href=\"https:\/\/cecit.es\/fr\/information-commerciale\/\" \/>\n<meta property=\"og:locale\" content=\"fr_FR\" \/>\n<meta property=\"og:type\" content=\"article\" \/>\n<meta property=\"og:title\" content=\"INFORMATION COMMERCIALE - CECIT\" \/>\n<meta property=\"og:description\" content=\"[vc_row full_width=&#8221;stretch_row&#8221; content_placement=&#8221;middle&#8221; parallax=&#8221;content-moving&#8221; parallax_image=&#8221;1419&#8243;][vc_column width=&#8221;1\/6&#8243;][\/vc_column][vc_column width=&#8221;2\/3&#8243; css=&#8221;.vc_custom_1593307801230{padding-top: 10px !important;padding-right: 10px !important;padding-bottom: 10px !important;padding-left: 10px !important;}&#8221;][vc_custom_heading text=&#8221;Pour accomplir sa mission, la CECIT offre des services professionnels [\u2026]\" \/>\n<meta property=\"og:url\" content=\"https:\/\/cecit.es\/fr\/information-commerciale\/\" \/>\n<meta property=\"og:site_name\" content=\"CECIT\" \/>\n<meta property=\"article:publisher\" content=\"https:\/\/www.facebook.com\/camaratanger\/\" \/>\n<meta property=\"article:modified_time\" content=\"2021-12-29T09:31:01+00:00\" \/>\n<meta name=\"twitter:card\" content=\"summary_large_image\" \/>\n<meta name=\"twitter:label1\" content=\"Dur\u00e9e de lecture estim\u00e9e\" \/>\n\t<meta name=\"twitter:data1\" content=\"3 minutes\" \/>\n<script type=\"application\/ld+json\" class=\"yoast-schema-graph\">{\"@context\":\"https:\/\/schema.org\",\"@graph\":[{\"@type\":\"WebPage\",\"@id\":\"https:\/\/cecit.es\/fr\/information-commerciale\/\",\"url\":\"https:\/\/cecit.es\/fr\/information-commerciale\/\",\"name\":\"INFORMATION COMMERCIALE - CECIT\",\"isPartOf\":{\"@id\":\"https:\/\/cecit.es\/fr\/#website\"},\"datePublished\":\"2021-12-29T09:31:00+00:00\",\"dateModified\":\"2021-12-29T09:31:01+00:00\",\"breadcrumb\":{\"@id\":\"https:\/\/cecit.es\/fr\/information-commerciale\/#breadcrumb\"},\"inLanguage\":\"fr-FR\",\"potentialAction\":[{\"@type\":\"ReadAction\",\"target\":[\"https:\/\/cecit.es\/fr\/information-commerciale\/\"]}]},{\"@type\":\"BreadcrumbList\",\"@id\":\"https:\/\/cecit.es\/fr\/information-commerciale\/#breadcrumb\",\"itemListElement\":[{\"@type\":\"ListItem\",\"position\":1,\"name\":\"Portada\",\"item\":\"https:\/\/cecit.es\/fr\/\"},{\"@type\":\"ListItem\",\"position\":2,\"name\":\"INFORMATION COMMERCIALE\"}]},{\"@type\":\"WebSite\",\"@id\":\"https:\/\/cecit.es\/fr\/#website\",\"url\":\"https:\/\/cecit.es\/fr\/\",\"name\":\"CECIT\",\"description\":\"Chambre de commerce officielle d&#039;Espagne \u00e0 Tanger\",\"publisher\":{\"@id\":\"https:\/\/cecit.es\/fr\/#organization\"},\"potentialAction\":[{\"@type\":\"SearchAction\",\"target\":{\"@type\":\"EntryPoint\",\"urlTemplate\":\"https:\/\/cecit.es\/fr\/?s={search_term_string}\"},\"query-input\":{\"@type\":\"PropertyValueSpecification\",\"valueRequired\":true,\"valueName\":\"search_term_string\"}}],\"inLanguage\":\"fr-FR\"},{\"@type\":\"Organization\",\"@id\":\"https:\/\/cecit.es\/fr\/#organization\",\"name\":\"C\u00e1mara Oficial de Comercio de Espa\u00f1a en T\u00e1nger\",\"url\":\"https:\/\/cecit.es\/fr\/\",\"logo\":{\"@type\":\"ImageObject\",\"inLanguage\":\"fr-FR\",\"@id\":\"https:\/\/cecit.es\/fr\/#\/schema\/logo\/image\/\",\"url\":\"https:\/\/cecit.es\/wp-content\/uploads\/2021\/11\/cecit.png\",\"contentUrl\":\"https:\/\/cecit.es\/wp-content\/uploads\/2021\/11\/cecit.png\",\"width\":800,\"height\":493,\"caption\":\"C\u00e1mara Oficial de Comercio de Espa\u00f1a en T\u00e1nger\"},\"image\":{\"@id\":\"https:\/\/cecit.es\/fr\/#\/schema\/logo\/image\/\"},\"sameAs\":[\"https:\/\/www.facebook.com\/camaratanger\/\"]}]}<\/script>\n<!-- \/ Yoast SEO plugin. -->","yoast_head_json":{"title":"INFORMATION COMMERCIALE - CECIT","robots":{"index":"index","follow":"follow","max-snippet":"max-snippet:-1","max-image-preview":"max-image-preview:large","max-video-preview":"max-video-preview:-1"},"canonical":"https:\/\/cecit.es\/fr\/information-commerciale\/","og_locale":"fr_FR","og_type":"article","og_title":"INFORMATION COMMERCIALE - CECIT","og_description":"[vc_row full_width=&#8221;stretch_row&#8221; content_placement=&#8221;middle&#8221; parallax=&#8221;content-moving&#8221; parallax_image=&#8221;1419&#8243;][vc_column width=&#8221;1\/6&#8243;][\/vc_column][vc_column width=&#8221;2\/3&#8243; css=&#8221;.vc_custom_1593307801230{padding-top: 10px !important;padding-right: 10px !important;padding-bottom: 10px !important;padding-left: 10px !important;}&#8221;][vc_custom_heading text=&#8221;Pour accomplir sa mission, la CECIT offre des services professionnels [\u2026]","og_url":"https:\/\/cecit.es\/fr\/information-commerciale\/","og_site_name":"CECIT","article_publisher":"https:\/\/www.facebook.com\/camaratanger\/","article_modified_time":"2021-12-29T09:31:01+00:00","twitter_card":"summary_large_image","twitter_misc":{"Dur\u00e9e de lecture estim\u00e9e":"3 minutes"},"schema":{"@context":"https:\/\/schema.org","@graph":[{"@type":"WebPage","@id":"https:\/\/cecit.es\/fr\/information-commerciale\/","url":"https:\/\/cecit.es\/fr\/information-commerciale\/","name":"INFORMATION COMMERCIALE - CECIT","isPartOf":{"@id":"https:\/\/cecit.es\/fr\/#website"},"datePublished":"2021-12-29T09:31:00+00:00","dateModified":"2021-12-29T09:31:01+00:00","breadcrumb":{"@id":"https:\/\/cecit.es\/fr\/information-commerciale\/#breadcrumb"},"inLanguage":"fr-FR","potentialAction":[{"@type":"ReadAction","target":["https:\/\/cecit.es\/fr\/information-commerciale\/"]}]},{"@type":"BreadcrumbList","@id":"https:\/\/cecit.es\/fr\/information-commerciale\/#breadcrumb","itemListElement":[{"@type":"ListItem","position":1,"name":"Portada","item":"https:\/\/cecit.es\/fr\/"},{"@type":"ListItem","position":2,"name":"INFORMATION COMMERCIALE"}]},{"@type":"WebSite","@id":"https:\/\/cecit.es\/fr\/#website","url":"https:\/\/cecit.es\/fr\/","name":"CECIT","description":"Chambre de commerce officielle d&#039;Espagne \u00e0 Tanger","publisher":{"@id":"https:\/\/cecit.es\/fr\/#organization"},"potentialAction":[{"@type":"SearchAction","target":{"@type":"EntryPoint","urlTemplate":"https:\/\/cecit.es\/fr\/?s={search_term_string}"},"query-input":{"@type":"PropertyValueSpecification","valueRequired":true,"valueName":"search_term_string"}}],"inLanguage":"fr-FR"},{"@type":"Organization","@id":"https:\/\/cecit.es\/fr\/#organization","name":"C\u00e1mara Oficial de Comercio de Espa\u00f1a en T\u00e1nger","url":"https:\/\/cecit.es\/fr\/","logo":{"@type":"ImageObject","inLanguage":"fr-FR","@id":"https:\/\/cecit.es\/fr\/#\/schema\/logo\/image\/","url":"https:\/\/cecit.es\/wp-content\/uploads\/2021\/11\/cecit.png","contentUrl":"https:\/\/cecit.es\/wp-content\/uploads\/2021\/11\/cecit.png","width":800,"height":493,"caption":"C\u00e1mara Oficial de Comercio de Espa\u00f1a en T\u00e1nger"},"image":{"@id":"https:\/\/cecit.es\/fr\/#\/schema\/logo\/image\/"},"sameAs":["https:\/\/www.facebook.com\/camaratanger\/"]}]}},"_links":{"self":[{"href":"https:\/\/cecit.es\/fr\/wp-json\/wp\/v2\/pages\/14635","targetHints":{"allow":["GET"]}}],"collection":[{"href":"https:\/\/cecit.es\/fr\/wp-json\/wp\/v2\/pages"}],"about":[{"href":"https:\/\/cecit.es\/fr\/wp-json\/wp\/v2\/types\/page"}],"author":[{"embeddable":true,"href":"https:\/\/cecit.es\/fr\/wp-json\/wp\/v2\/users\/1"}],"replies":[{"embeddable":true,"href":"https:\/\/cecit.es\/fr\/wp-json\/wp\/v2\/comments?post=14635"}],"version-history":[{"count":2,"href":"https:\/\/cecit.es\/fr\/wp-json\/wp\/v2\/pages\/14635\/revisions"}],"predecessor-version":[{"id":14642,"href":"https:\/\/cecit.es\/fr\/wp-json\/wp\/v2\/pages\/14635\/revisions\/14642"}],"wp:attachment":[{"href":"https:\/\/cecit.es\/fr\/wp-json\/wp\/v2\/media?parent=14635"}],"curies":[{"name":"wp","href":"https:\/\/api.w.org\/{rel}","templated":true}]}}